{"id":81617,"date":"2025-01-08T13:23:23","date_gmt":"2025-01-08T13:23:23","guid":{"rendered":"https:\/\/www.falegnameriaaresi.com\/social-wall\/"},"modified":"2025-01-20T16:22:19","modified_gmt":"2025-01-20T16:22:19","slug":"social-wall","status":"publish","type":"page","link":"https:\/\/www.falegnameriaaresi.com\/en\/social-wall\/","title":{"rendered":"Social Wall"},"content":{"rendered":"\t\t<div data-elementor-type=\"wp-page\" data-elementor-id=\"81617\" class=\"elementor elementor-81617 elementor-81529\">\n\t\t\t\t<div class=\"elementor-element elementor-element-fb25b2a e-flex e-con-boxed e-con e-parent\" data-id=\"fb25b2a\" data-element_type=\"container\" data-e-type=\"container\" id=\"first-section\">\n\t\t\t\t\t<div class=\"e-con-inner\">\n\t\t\t\t<div class=\"elementor-element elementor-element-df92bf0 elementor-widget__width-inherit elementor-widget elementor-widget-feed-them-social\" data-id=\"df92bf0\" data-element_type=\"widget\" data-e-type=\"widget\" data-widget_type=\"feed-them-social.default\">\n\t\t\t\t<div class=\"elementor-widget-container\">\n\t\t\t\t\t<style type=\"text\/css\">\n<\/style><div id=\"feed_dynamic_classnxjpgtsiix_basic\" class=\"fts-instagram-inline-block-centered feed_dynamic_classnxjpgtsiix_basic\"  data-ftsi-columns=\"3\" data-ftsi-columns-tablet=\"3\" data-ftsi-columns-mobile=\"1\" data-ftsi-force-columns=\"\" data-ftsi-margin=\"15px\" data-ftsi-height=\"\">                            <div class=\"slicker-instagram-placeholder fts-instagram-wrapper\" style=\"background-image:url('https:\/\/scontent-mxp2-1.cdninstagram.com\/v\/t51.82787-15\/602828560_18354117238206542_1409562961768158399_n.heic?stp=dst-jpg_e35_tt6&#038;_nc_cat=105&#038;ccb=7-5&#038;_nc_sid=18de74&#038;efg=eyJlZmdfdGFnIjoiQ0FST1VTRUxfSVRFTS5iZXN0X2ltYWdlX3VybGdlbi5DMyJ9&#038;_nc_ohc=h2b9BV3h6J8Q7kNvwG9ZDSN&#038;_nc_oc=AdrFxm6CGvGVEjopPX3Wu4kFC8Dxcrz28Az78LRIgLp1-zolyF9i4q3b_EurvNan5rA&#038;_nc_zt=23&#038;_nc_ht=scontent-mxp2-1.cdninstagram.com&#038;edm=ANQ71j8EAAAA&#038;_nc_gid=tXuDnsuMI4MfP7QOcRuOMg&#038;_nc_tpa=Q5bMBQHmxaaCDXZX6VCchmuL_ukOqcPpKlYzNAB_3uPsVg8xW41_H-upYGioPkK15lUgCGo2zkg6dhyr&#038;oh=00_Af0ud0J04MnvGKZi4Ml28VUavlO3aH00Uis-wsy_0Z-VFQ&#038;oe=69F8847C')\">\n                                            <a href='https:\/\/www.instagram.com\/p\/DSaYzxljY4r\/' title='\ud83d\udfe7 Facciate continue\n\r\n\ud83d\udd38Panorama legno\r\n\ud83d\udd38Panorama legno alluminio\r\n2 sistemi\r\n4 spessori\r\nLarghezza minima profili 50 mm\n\r\n\ud83d\udd38Wood Panorama\r\n\ud83d\udd38Wood aluminum Panorama\r\n2 systems\r\n4 thicknesses\r\nMinimum profiles width 50 mm\n\n#FalegnameriaAresi #AresiWoodTechnologies #FacciateContinue' target=\"_blank\" rel=\"noreferrer\" class='fts-child-media fts-instagram-link-target fts-slicker-backg\n                         fts-instagram-img-link' style=\"height:65px !important; width:65px; line-height:65px; font-size:65px;\"><span class=\"fts-instagram-icon\" style=\"height:65px; width:65px; line-height:65px; font-size:65px;\"><\/span><\/a>\n                                                    <div class=\"fts-carousel-image-wrapper\"><div class=\"fts-carousel-image\" ><\/div><\/div>\n                                                            <a href='' title='\ud83d\udfe7 Facciate continue\n\r\n\ud83d\udd38Panorama legno\r\n\ud83d\udd38Panorama legno alluminio\r\n2 sistemi\r\n4 spessori\r\nLarghezza minima profili 50 mm\n\r\n\ud83d\udd38Wood Panorama\r\n\ud83d\udd38Wood aluminum Panorama\r\n2 systems\r\n4 thicknesses\r\nMinimum profiles width 50 mm\n\n#FalegnameriaAresi #AresiWoodTechnologies #FacciateContinue' target=\"_blank\" rel=\"noreferrer\" class='fts-child-media fts-child-media-hide fts-instagram-link-target fts-slicker-backg\n                                                                     fts-instagram-img-link'><\/a>\n                                                                <a href='' title='\ud83d\udfe7 Facciate continue\n\r\n\ud83d\udd38Panorama legno\r\n\ud83d\udd38Panorama legno alluminio\r\n2 sistemi\r\n4 spessori\r\nLarghezza minima profili 50 mm\n\r\n\ud83d\udd38Wood Panorama\r\n\ud83d\udd38Wood aluminum Panorama\r\n2 systems\r\n4 thicknesses\r\nMinimum profiles width 50 mm\n\n#FalegnameriaAresi #AresiWoodTechnologies #FacciateContinue' target=\"_blank\" rel=\"noreferrer\" class='fts-child-media fts-child-media-hide fts-instagram-link-target fts-slicker-backg\n                                                                     fts-instagram-img-link'><\/a>\n                                                                <a href='' title='\ud83d\udfe7 Facciate continue\n\r\n\ud83d\udd38Panorama legno\r\n\ud83d\udd38Panorama legno alluminio\r\n2 sistemi\r\n4 spessori\r\nLarghezza minima profili 50 mm\n\r\n\ud83d\udd38Wood Panorama\r\n\ud83d\udd38Wood aluminum Panorama\r\n2 systems\r\n4 thicknesses\r\nMinimum profiles width 50 mm\n\n#FalegnameriaAresi #AresiWoodTechnologies #FacciateContinue' target=\"_blank\" rel=\"noreferrer\" class='fts-child-media fts-child-media-hide fts-instagram-link-target fts-slicker-backg\n                                                                     fts-instagram-img-link'><\/a>\n                                                                <a href='' title='\ud83d\udfe7 Facciate continue\n\r\n\ud83d\udd38Panorama legno\r\n\ud83d\udd38Panorama legno alluminio\r\n2 sistemi\r\n4 spessori\r\nLarghezza minima profili 50 mm\n\r\n\ud83d\udd38Wood Panorama\r\n\ud83d\udd38Wood aluminum Panorama\r\n2 systems\r\n4 thicknesses\r\nMinimum profiles width 50 mm\n\n#FalegnameriaAresi #AresiWoodTechnologies #FacciateContinue' target=\"_blank\" rel=\"noreferrer\" class='fts-child-media fts-child-media-hide fts-instagram-link-target fts-slicker-backg\n                                                                     fts-instagram-img-link'><\/a>\n                                                                <a href='' title='\ud83d\udfe7 Facciate continue\n\r\n\ud83d\udd38Panorama legno\r\n\ud83d\udd38Panorama legno alluminio\r\n2 sistemi\r\n4 spessori\r\nLarghezza minima profili 50 mm\n\r\n\ud83d\udd38Wood Panorama\r\n\ud83d\udd38Wood aluminum Panorama\r\n2 systems\r\n4 thicknesses\r\nMinimum profiles width 50 mm\n\n#FalegnameriaAresi #AresiWoodTechnologies #FacciateContinue' target=\"_blank\" rel=\"noreferrer\" class='fts-child-media fts-child-media-hide fts-instagram-link-target fts-slicker-backg\n                                                                     fts-instagram-img-link'><\/a>\n                                                                <a href='' title='\ud83d\udfe7 Facciate continue\n\r\n\ud83d\udd38Panorama legno\r\n\ud83d\udd38Panorama legno alluminio\r\n2 sistemi\r\n4 spessori\r\nLarghezza minima profili 50 mm\n\r\n\ud83d\udd38Wood Panorama\r\n\ud83d\udd38Wood aluminum Panorama\r\n2 systems\r\n4 thicknesses\r\nMinimum profiles width 50 mm\n\n#FalegnameriaAresi #AresiWoodTechnologies #FacciateContinue' target=\"_blank\" rel=\"noreferrer\" class='fts-child-media fts-child-media-hide fts-instagram-link-target fts-slicker-backg\n                                                                     fts-instagram-img-link'><\/a>\n                                                                <a href='' title='\ud83d\udfe7 Facciate continue\n\r\n\ud83d\udd38Panorama legno\r\n\ud83d\udd38Panorama legno alluminio\r\n2 sistemi\r\n4 spessori\r\nLarghezza minima profili 50 mm\n\r\n\ud83d\udd38Wood Panorama\r\n\ud83d\udd38Wood aluminum Panorama\r\n2 systems\r\n4 thicknesses\r\nMinimum profiles width 50 mm\n\n#FalegnameriaAresi #AresiWoodTechnologies #FacciateContinue' target=\"_blank\" rel=\"noreferrer\" class='fts-child-media fts-child-media-hide fts-instagram-link-target fts-slicker-backg\n                                                                     fts-instagram-img-link'><\/a>\n                                                                <a href='' title='\ud83d\udfe7 Facciate continue\n\r\n\ud83d\udd38Panorama legno\r\n\ud83d\udd38Panorama legno alluminio\r\n2 sistemi\r\n4 spessori\r\nLarghezza minima profili 50 mm\n\r\n\ud83d\udd38Wood Panorama\r\n\ud83d\udd38Wood aluminum Panorama\r\n2 systems\r\n4 thicknesses\r\nMinimum profiles width 50 mm\n\n#FalegnameriaAresi #AresiWoodTechnologies #FacciateContinue' target=\"_blank\" rel=\"noreferrer\" class='fts-child-media fts-child-media-hide fts-instagram-link-target fts-slicker-backg\n                                                                     fts-instagram-img-link'><\/a>\n                                                                <a href='' title='\ud83d\udfe7 Facciate continue\n\r\n\ud83d\udd38Panorama legno\r\n\ud83d\udd38Panorama legno alluminio\r\n2 sistemi\r\n4 spessori\r\nLarghezza minima profili 50 mm\n\r\n\ud83d\udd38Wood Panorama\r\n\ud83d\udd38Wood aluminum Panorama\r\n2 systems\r\n4 thicknesses\r\nMinimum profiles width 50 mm\n\n#FalegnameriaAresi #AresiWoodTechnologies #FacciateContinue' target=\"_blank\" rel=\"noreferrer\" class='fts-child-media fts-child-media-hide fts-instagram-link-target fts-slicker-backg\n                                                                     fts-instagram-img-link'><\/a>\n                                                                <a href='' title='\ud83d\udfe7 Facciate continue\n\r\n\ud83d\udd38Panorama legno\r\n\ud83d\udd38Panorama legno alluminio\r\n2 sistemi\r\n4 spessori\r\nLarghezza minima profili 50 mm\n\r\n\ud83d\udd38Wood Panorama\r\n\ud83d\udd38Wood aluminum Panorama\r\n2 systems\r\n4 thicknesses\r\nMinimum profiles width 50 mm\n\n#FalegnameriaAresi #AresiWoodTechnologies #FacciateContinue' target=\"_blank\" rel=\"noreferrer\" class='fts-child-media fts-child-media-hide fts-instagram-link-target fts-slicker-backg\n                                                                     fts-instagram-img-link'><\/a>\n                                                                <a href='' title='\ud83d\udfe7 Facciate continue\n\r\n\ud83d\udd38Panorama legno\r\n\ud83d\udd38Panorama legno alluminio\r\n2 sistemi\r\n4 spessori\r\nLarghezza minima profili 50 mm\n\r\n\ud83d\udd38Wood Panorama\r\n\ud83d\udd38Wood aluminum Panorama\r\n2 systems\r\n4 thicknesses\r\nMinimum profiles width 50 mm\n\n#FalegnameriaAresi #AresiWoodTechnologies #FacciateContinue' target=\"_blank\" rel=\"noreferrer\" class='fts-child-media fts-child-media-hide fts-instagram-link-target fts-slicker-backg\n                                                                     fts-instagram-img-link'><\/a>\n                                                                <a href='' title='\ud83d\udfe7 Facciate continue\n\r\n\ud83d\udd38Panorama legno\r\n\ud83d\udd38Panorama legno alluminio\r\n2 sistemi\r\n4 spessori\r\nLarghezza minima profili 50 mm\n\r\n\ud83d\udd38Wood Panorama\r\n\ud83d\udd38Wood aluminum Panorama\r\n2 systems\r\n4 thicknesses\r\nMinimum profiles width 50 mm\n\n#FalegnameriaAresi #AresiWoodTechnologies #FacciateContinue' target=\"_blank\" rel=\"noreferrer\" class='fts-child-media fts-child-media-hide fts-instagram-link-target fts-slicker-backg\n                                                                     fts-instagram-img-link'><\/a>\n                                \n                        <div class='slicker-date'>\n\n                            <div class=\"fts-insta-date-popup-grab\">\n                            4 months ago                            <\/div>\n                        <\/div>\n                    <div class='slicker-instaG-backg-link'>\n\n                        <div class='slicker-instaG-photoshadow'><\/div>\n                    <\/div>\n                        <div class=\"fts-insta-likes-comments-grab-popup\">\n\n                            <div class=\"fts-share-wrap\"><a href=\"javascript:;\" class=\"ft-gallery-link-popup\" title=\"Social Share Options\"><\/a><div class=\"ft-gallery-share-wrap\"><a href=\"https:\/\/www.facebook.com\/sharer\/sharer.php?u=https:\/\/www.instagram.com\/p\/DSaYzxljY4r\/\" target=\"_blank\" rel=\"noreferrer\" class=\"ft-galleryfacebook-icon\" title=\"Share this post on Facebook\"><i class=\"fa fa-facebook-square\"><\/i><\/a><a href=\"https:\/\/twitter.com\/intent\/tweet?text=https:\/\/www.instagram.com\/p\/DSaYzxljY4r\/+\ud83d\udfe7 Facciate continue\n\r\n\ud83d\udd38Panorama legno\r\n\ud83d\udd38Panorama legno alluminio\r\n2 sistemi\r\n4 spessori\r\nLarghezza minima profili 50 mm\n\r\n\ud83d\udd38Wood Panorama\r\n\ud83d\udd38Wood aluminum Panorama\r\n2 systems\r\n4 thicknesses\r\nMinimum profiles width 50 mm\n\n#FalegnameriaAresi #AresiWoodTechnologies #FacciateContinue\" target=\"_blank\" rel=\"noreferrer\" class=\"ft-gallerytwitter-icon\" title=\"Share this post on Twitter\"><i class=\"fa fa-twitter\"><\/i><\/a><a href=\"https:\/\/www.linkedin.com\/shareArticle?mini=true&amp;url=https:\/\/www.instagram.com\/p\/DSaYzxljY4r\/\" target=\"_blank\" rel=\"noreferrer\" class=\"ft-gallerylinkedin-icon\" title=\"Share this post on Linkedin\"><i class=\"fa fa-linkedin\"><\/i><\/a><a href=\"mailto:?subject=Shared Link&amp;body=https:\/\/www.instagram.com\/p\/DSaYzxljY4r\/ - \ud83d\udfe7 Facciate continue\n\r\n\ud83d\udd38Panorama legno\r\n\ud83d\udd38Panorama legno alluminio\r\n2 sistemi\r\n4 spessori\r\nLarghezza minima profili 50 mm\n\r\n\ud83d\udd38Wood Panorama\r\n\ud83d\udd38Wood aluminum Panorama\r\n2 systems\r\n4 thicknesses\r\nMinimum profiles width 50 mm\n\n#FalegnameriaAresi #AresiWoodTechnologies #FacciateContinue\" target=\"_blank\" rel=\"noreferrer\" class=\"ft-galleryemail-icon\" title=\"Share this post in your email\"><i class=\"fa fa-envelope\"><\/i><\/a><\/div><\/div>                        <\/div>\n                <\/div>\n                                                <div class=\"slicker-instagram-placeholder fts-instagram-wrapper\" style=\"background-image:url('https:\/\/scontent-mxp1-1.cdninstagram.com\/v\/t51.82787-15\/573535818_18346703446206542_8883118886821011788_n.heic?stp=dst-jpg_e35_tt6&#038;_nc_cat=107&#038;ccb=7-5&#038;_nc_sid=18de74&#038;efg=eyJlZmdfdGFnIjoiQ0FST1VTRUxfSVRFTS5iZXN0X2ltYWdlX3VybGdlbi5DMyJ9&#038;_nc_ohc=2TsuT4KKYBYQ7kNvwEySoIU&#038;_nc_oc=Adr_vAfnNVroD8fC4N3HnUpjsB3Hh0zWZy1l6kLlyTmaCPw9Cbn1qUtf5KeaXys_zgY&#038;_nc_zt=23&#038;_nc_ht=scontent-mxp1-1.cdninstagram.com&#038;edm=ANQ71j8EAAAA&#038;_nc_gid=tTHq2O6ADoAmb1JOCIuTVQ&#038;_nc_tpa=Q5bMBQHzVEm8jvSl_nfjbFNDwLi8mTp6iQi_7ldyG8tVWI61b7je2SMbi7LPmD74RuxHVVv6YUYRXRX2&#038;oh=00_Af1GQPumeR4GCdcAZ1AgohRvKwhKNCgAxqFWrs_vxn8N_w&#038;oe=69F88F1A')\">\n                                            <a href='https:\/\/www.instagram.com\/p\/DQrcgxmDGtJ\/' title='\ud83d\udfe7 Lo scorso gioved\u00ec 30 ottobre, abbiamo ospitato nella nostra sede l&#039;evento &quot;Facciate continue in legno&quot;. \n\nLa giornata era divisa in un seminario e in un giro in azienda. Il case study scelto \u00e8 stato l&#039;Ampliamento della Scuola Primaria di Travagliato, progettata da @pbeb.architetti. Hanno partecipato alcuni studi all&#039;appuntamento. \n\n#FalegnameriaAresi #AresiWoodTechnologies #Wood #Design #ModernArchitecture #Architecture #Windows #ArchitecturalDesign #SustainableLiving' target=\"_blank\" rel=\"noreferrer\" class='fts-child-media fts-instagram-link-target fts-slicker-backg\n                         fts-instagram-img-link' style=\"height:65px !important; width:65px; line-height:65px; font-size:65px;\"><span class=\"fts-instagram-icon\" style=\"height:65px; width:65px; line-height:65px; font-size:65px;\"><\/span><\/a>\n                                                    <div class=\"fts-carousel-image-wrapper\"><div class=\"fts-carousel-image\" ><\/div><\/div>\n                                                            <a href='' title='\ud83d\udfe7 Lo scorso gioved\u00ec 30 ottobre, abbiamo ospitato nella nostra sede l&#039;evento &quot;Facciate continue in legno&quot;. \n\nLa giornata era divisa in un seminario e in un giro in azienda. Il case study scelto \u00e8 stato l&#039;Ampliamento della Scuola Primaria di Travagliato, progettata da @pbeb.architetti. Hanno partecipato alcuni studi all&#039;appuntamento. \n\n#FalegnameriaAresi #AresiWoodTechnologies #Wood #Design #ModernArchitecture #Architecture #Windows #ArchitecturalDesign #SustainableLiving' target=\"_blank\" rel=\"noreferrer\" class='fts-child-media fts-child-media-hide fts-instagram-link-target fts-slicker-backg\n                                                                     fts-instagram-img-link'><\/a>\n                                                                <a href='' title='\ud83d\udfe7 Lo scorso gioved\u00ec 30 ottobre, abbiamo ospitato nella nostra sede l&#039;evento &quot;Facciate continue in legno&quot;. \n\nLa giornata era divisa in un seminario e in un giro in azienda. Il case study scelto \u00e8 stato l&#039;Ampliamento della Scuola Primaria di Travagliato, progettata da @pbeb.architetti. Hanno partecipato alcuni studi all&#039;appuntamento. \n\n#FalegnameriaAresi #AresiWoodTechnologies #Wood #Design #ModernArchitecture #Architecture #Windows #ArchitecturalDesign #SustainableLiving' target=\"_blank\" rel=\"noreferrer\" class='fts-child-media fts-child-media-hide fts-instagram-link-target fts-slicker-backg\n                                                                     fts-instagram-img-link'><\/a>\n                                                                <a href='' title='\ud83d\udfe7 Lo scorso gioved\u00ec 30 ottobre, abbiamo ospitato nella nostra sede l&#039;evento &quot;Facciate continue in legno&quot;. \n\nLa giornata era divisa in un seminario e in un giro in azienda. Il case study scelto \u00e8 stato l&#039;Ampliamento della Scuola Primaria di Travagliato, progettata da @pbeb.architetti. Hanno partecipato alcuni studi all&#039;appuntamento. \n\n#FalegnameriaAresi #AresiWoodTechnologies #Wood #Design #ModernArchitecture #Architecture #Windows #ArchitecturalDesign #SustainableLiving' target=\"_blank\" rel=\"noreferrer\" class='fts-child-media fts-child-media-hide fts-instagram-link-target fts-slicker-backg\n                                                                     fts-instagram-img-link'><\/a>\n                                                                <a href='' title='\ud83d\udfe7 Lo scorso gioved\u00ec 30 ottobre, abbiamo ospitato nella nostra sede l&#039;evento &quot;Facciate continue in legno&quot;. \n\nLa giornata era divisa in un seminario e in un giro in azienda. Il case study scelto \u00e8 stato l&#039;Ampliamento della Scuola Primaria di Travagliato, progettata da @pbeb.architetti. Hanno partecipato alcuni studi all&#039;appuntamento. \n\n#FalegnameriaAresi #AresiWoodTechnologies #Wood #Design #ModernArchitecture #Architecture #Windows #ArchitecturalDesign #SustainableLiving' target=\"_blank\" rel=\"noreferrer\" class='fts-child-media fts-child-media-hide fts-instagram-link-target fts-slicker-backg\n                                                                     fts-instagram-img-link'><\/a>\n                                                                <a href='' title='\ud83d\udfe7 Lo scorso gioved\u00ec 30 ottobre, abbiamo ospitato nella nostra sede l&#039;evento &quot;Facciate continue in legno&quot;. \n\nLa giornata era divisa in un seminario e in un giro in azienda. Il case study scelto \u00e8 stato l&#039;Ampliamento della Scuola Primaria di Travagliato, progettata da @pbeb.architetti. Hanno partecipato alcuni studi all&#039;appuntamento. \n\n#FalegnameriaAresi #AresiWoodTechnologies #Wood #Design #ModernArchitecture #Architecture #Windows #ArchitecturalDesign #SustainableLiving' target=\"_blank\" rel=\"noreferrer\" class='fts-child-media fts-child-media-hide fts-instagram-link-target fts-slicker-backg\n                                                                     fts-instagram-img-link'><\/a>\n                                                                <a href='' title='\ud83d\udfe7 Lo scorso gioved\u00ec 30 ottobre, abbiamo ospitato nella nostra sede l&#039;evento &quot;Facciate continue in legno&quot;. \n\nLa giornata era divisa in un seminario e in un giro in azienda. Il case study scelto \u00e8 stato l&#039;Ampliamento della Scuola Primaria di Travagliato, progettata da @pbeb.architetti. Hanno partecipato alcuni studi all&#039;appuntamento. \n\n#FalegnameriaAresi #AresiWoodTechnologies #Wood #Design #ModernArchitecture #Architecture #Windows #ArchitecturalDesign #SustainableLiving' target=\"_blank\" rel=\"noreferrer\" class='fts-child-media fts-child-media-hide fts-instagram-link-target fts-slicker-backg\n                                                                     fts-instagram-img-link'><\/a>\n                                                                <a href='' title='\ud83d\udfe7 Lo scorso gioved\u00ec 30 ottobre, abbiamo ospitato nella nostra sede l&#039;evento &quot;Facciate continue in legno&quot;. \n\nLa giornata era divisa in un seminario e in un giro in azienda. Il case study scelto \u00e8 stato l&#039;Ampliamento della Scuola Primaria di Travagliato, progettata da @pbeb.architetti. Hanno partecipato alcuni studi all&#039;appuntamento. \n\n#FalegnameriaAresi #AresiWoodTechnologies #Wood #Design #ModernArchitecture #Architecture #Windows #ArchitecturalDesign #SustainableLiving' target=\"_blank\" rel=\"noreferrer\" class='fts-child-media fts-child-media-hide fts-instagram-link-target fts-slicker-backg\n                                                                     fts-instagram-img-link'><\/a>\n                                                                <a href='' title='\ud83d\udfe7 Lo scorso gioved\u00ec 30 ottobre, abbiamo ospitato nella nostra sede l&#039;evento &quot;Facciate continue in legno&quot;. \n\nLa giornata era divisa in un seminario e in un giro in azienda. Il case study scelto \u00e8 stato l&#039;Ampliamento della Scuola Primaria di Travagliato, progettata da @pbeb.architetti. Hanno partecipato alcuni studi all&#039;appuntamento. \n\n#FalegnameriaAresi #AresiWoodTechnologies #Wood #Design #ModernArchitecture #Architecture #Windows #ArchitecturalDesign #SustainableLiving' target=\"_blank\" rel=\"noreferrer\" class='fts-child-media fts-child-media-hide fts-instagram-link-target fts-slicker-backg\n                                                                     fts-instagram-img-link'><\/a>\n                                                                <a href='' title='\ud83d\udfe7 Lo scorso gioved\u00ec 30 ottobre, abbiamo ospitato nella nostra sede l&#039;evento &quot;Facciate continue in legno&quot;. \n\nLa giornata era divisa in un seminario e in un giro in azienda. Il case study scelto \u00e8 stato l&#039;Ampliamento della Scuola Primaria di Travagliato, progettata da @pbeb.architetti. Hanno partecipato alcuni studi all&#039;appuntamento. \n\n#FalegnameriaAresi #AresiWoodTechnologies #Wood #Design #ModernArchitecture #Architecture #Windows #ArchitecturalDesign #SustainableLiving' target=\"_blank\" rel=\"noreferrer\" class='fts-child-media fts-child-media-hide fts-instagram-link-target fts-slicker-backg\n                                                                     fts-instagram-img-link'><\/a>\n                                \n                        <div class='slicker-date'>\n\n                            <div class=\"fts-insta-date-popup-grab\">\n                            6 months ago                            <\/div>\n                        <\/div>\n                    <div class='slicker-instaG-backg-link'>\n\n                        <div class='slicker-instaG-photoshadow'><\/div>\n                    <\/div>\n                        <div class=\"fts-insta-likes-comments-grab-popup\">\n\n                            <div class=\"fts-share-wrap\"><a href=\"javascript:;\" class=\"ft-gallery-link-popup\" title=\"Social Share Options\"><\/a><div class=\"ft-gallery-share-wrap\"><a href=\"https:\/\/www.facebook.com\/sharer\/sharer.php?u=https:\/\/www.instagram.com\/p\/DQrcgxmDGtJ\/\" target=\"_blank\" rel=\"noreferrer\" class=\"ft-galleryfacebook-icon\" title=\"Share this post on Facebook\"><i class=\"fa fa-facebook-square\"><\/i><\/a><a href=\"https:\/\/twitter.com\/intent\/tweet?text=https:\/\/www.instagram.com\/p\/DQrcgxmDGtJ\/+\ud83d\udfe7 Lo scorso gioved\u00ec 30 ottobre, abbiamo ospitato nella nostra sede l&#039;evento &quot;Facciate continue in legno&quot;. \n\nLa giornata era divisa in un seminario e in un giro in azienda. Il case study scelto \u00e8 stato l&#039;Ampliamento della Scuola Primaria di Travagliato, progettata da @pbeb.architetti. Hanno partecipato alcuni studi all&#039;appuntamento. \n\n#FalegnameriaAresi #AresiWoodTechnologies #Wood #Design #ModernArchitecture #Architecture #Windows #ArchitecturalDesign #SustainableLiving\" target=\"_blank\" rel=\"noreferrer\" class=\"ft-gallerytwitter-icon\" title=\"Share this post on Twitter\"><i class=\"fa fa-twitter\"><\/i><\/a><a href=\"https:\/\/www.linkedin.com\/shareArticle?mini=true&amp;url=https:\/\/www.instagram.com\/p\/DQrcgxmDGtJ\/\" target=\"_blank\" rel=\"noreferrer\" class=\"ft-gallerylinkedin-icon\" title=\"Share this post on Linkedin\"><i class=\"fa fa-linkedin\"><\/i><\/a><a href=\"mailto:?subject=Shared Link&amp;body=https:\/\/www.instagram.com\/p\/DQrcgxmDGtJ\/ - \ud83d\udfe7 Lo scorso gioved\u00ec 30 ottobre, abbiamo ospitato nella nostra sede l&#039;evento &quot;Facciate continue in legno&quot;. \n\nLa giornata era divisa in un seminario e in un giro in azienda. Il case study scelto \u00e8 stato l&#039;Ampliamento della Scuola Primaria di Travagliato, progettata da @pbeb.architetti. Hanno partecipato alcuni studi all&#039;appuntamento. \n\n#FalegnameriaAresi #AresiWoodTechnologies #Wood #Design #ModernArchitecture #Architecture #Windows #ArchitecturalDesign #SustainableLiving\" target=\"_blank\" rel=\"noreferrer\" class=\"ft-galleryemail-icon\" title=\"Share this post in your email\"><i class=\"fa fa-envelope\"><\/i><\/a><\/div><\/div>                        <\/div>\n                <\/div>\n                                                <div class=\"slicker-instagram-placeholder fts-instagram-wrapper\" style=\"background-image:url('https:\/\/scontent-mxp2-1.cdninstagram.com\/v\/t51.82787-15\/559131008_18342311995206542_1162745537181209867_n.heic?stp=dst-jpg_e35_tt6&#038;_nc_cat=109&#038;ccb=7-5&#038;_nc_sid=18de74&#038;efg=eyJlZmdfdGFnIjoiQ0FST1VTRUxfSVRFTS5iZXN0X2ltYWdlX3VybGdlbi5DMyJ9&#038;_nc_ohc=G4TcSQl5tw8Q7kNvwFS53p8&#038;_nc_oc=AdqHV2bbA1nCR7N-wKvjyd3meLXxe9sU_de8YOD1KVDmtyD92Gvl5KEFf4Prd2FO-es&#038;_nc_zt=23&#038;_nc_ht=scontent-mxp2-1.cdninstagram.com&#038;edm=ANQ71j8EAAAA&#038;_nc_gid=nUwwStqs61YNsxj-Oc9rLQ&#038;_nc_tpa=Q5bMBQEtdJsLL_nHqIpd8tWn5lCV2ZKCviPe_RkjY88ZAUwy7Q_0wj4-2Eih3r_f89gs4WgV1ZIa9Idu&#038;oh=00_Af3NyVGvNpKXXwkaf3aqYRgCYvQXnG6SsmuVhHV4L27TVA&#038;oe=69F86DF9')\">\n                                            <a href='https:\/\/www.instagram.com\/p\/DPRZQQJjDXr\/' title='\ud83d\udfe7 Lo scorso gioved\u00ec 25 settembre, abbiamo avuto il piacere di ospitare, presso la nostra sede, l&#039;evento &quot;Elementi in legno nel restauro e recupero di edifici storici&quot;. \n\nLa giornata prevedeva dapprima un seminario, quindi la visita all&#039;azienda. Il relatore \u00e8 stato Fabio Marchiori, Project Manager @ateliers_alfonso_femia. Hanno partecipato alcuni studi fra cui @dfapartners, @obr.eu, @upperwestarchitects, Gherardi Architetti. \n\n#FalegnameriaAresi #AresiWoodTechnologies #Wood #Design #ModernArchitecture #Architecture #Windows #ArchitecturalDesign #SustainableLiving' target=\"_blank\" rel=\"noreferrer\" class='fts-child-media fts-instagram-link-target fts-slicker-backg\n                         fts-instagram-img-link' style=\"height:65px !important; width:65px; line-height:65px; font-size:65px;\"><span class=\"fts-instagram-icon\" style=\"height:65px; width:65px; line-height:65px; font-size:65px;\"><\/span><\/a>\n                                                    <div class=\"fts-carousel-image-wrapper\"><div class=\"fts-carousel-image\" ><\/div><\/div>\n                                                            <a href='' title='\ud83d\udfe7 Lo scorso gioved\u00ec 25 settembre, abbiamo avuto il piacere di ospitare, presso la nostra sede, l&#039;evento &quot;Elementi in legno nel restauro e recupero di edifici storici&quot;. \n\nLa giornata prevedeva dapprima un seminario, quindi la visita all&#039;azienda. Il relatore \u00e8 stato Fabio Marchiori, Project Manager @ateliers_alfonso_femia. Hanno partecipato alcuni studi fra cui @dfapartners, @obr.eu, @upperwestarchitects, Gherardi Architetti. \n\n#FalegnameriaAresi #AresiWoodTechnologies #Wood #Design #ModernArchitecture #Architecture #Windows #ArchitecturalDesign #SustainableLiving' target=\"_blank\" rel=\"noreferrer\" class='fts-child-media fts-child-media-hide fts-instagram-link-target fts-slicker-backg\n                                                                     fts-instagram-img-link'><\/a>\n                                                                <a href='' title='\ud83d\udfe7 Lo scorso gioved\u00ec 25 settembre, abbiamo avuto il piacere di ospitare, presso la nostra sede, l&#039;evento &quot;Elementi in legno nel restauro e recupero di edifici storici&quot;. \n\nLa giornata prevedeva dapprima un seminario, quindi la visita all&#039;azienda. Il relatore \u00e8 stato Fabio Marchiori, Project Manager @ateliers_alfonso_femia. Hanno partecipato alcuni studi fra cui @dfapartners, @obr.eu, @upperwestarchitects, Gherardi Architetti. \n\n#FalegnameriaAresi #AresiWoodTechnologies #Wood #Design #ModernArchitecture #Architecture #Windows #ArchitecturalDesign #SustainableLiving' target=\"_blank\" rel=\"noreferrer\" class='fts-child-media fts-child-media-hide fts-instagram-link-target fts-slicker-backg\n                                                                     fts-instagram-img-link'><\/a>\n                                                                <a href='' title='\ud83d\udfe7 Lo scorso gioved\u00ec 25 settembre, abbiamo avuto il piacere di ospitare, presso la nostra sede, l&#039;evento &quot;Elementi in legno nel restauro e recupero di edifici storici&quot;. \n\nLa giornata prevedeva dapprima un seminario, quindi la visita all&#039;azienda. Il relatore \u00e8 stato Fabio Marchiori, Project Manager @ateliers_alfonso_femia. Hanno partecipato alcuni studi fra cui @dfapartners, @obr.eu, @upperwestarchitects, Gherardi Architetti. \n\n#FalegnameriaAresi #AresiWoodTechnologies #Wood #Design #ModernArchitecture #Architecture #Windows #ArchitecturalDesign #SustainableLiving' target=\"_blank\" rel=\"noreferrer\" class='fts-child-media fts-child-media-hide fts-instagram-link-target fts-slicker-backg\n                                                                     fts-instagram-img-link'><\/a>\n                                                                <a href='' title='\ud83d\udfe7 Lo scorso gioved\u00ec 25 settembre, abbiamo avuto il piacere di ospitare, presso la nostra sede, l&#039;evento &quot;Elementi in legno nel restauro e recupero di edifici storici&quot;. \n\nLa giornata prevedeva dapprima un seminario, quindi la visita all&#039;azienda. Il relatore \u00e8 stato Fabio Marchiori, Project Manager @ateliers_alfonso_femia. Hanno partecipato alcuni studi fra cui @dfapartners, @obr.eu, @upperwestarchitects, Gherardi Architetti. \n\n#FalegnameriaAresi #AresiWoodTechnologies #Wood #Design #ModernArchitecture #Architecture #Windows #ArchitecturalDesign #SustainableLiving' target=\"_blank\" rel=\"noreferrer\" class='fts-child-media fts-child-media-hide fts-instagram-link-target fts-slicker-backg\n                                                                     fts-instagram-img-link'><\/a>\n                                                                <a href='' title='\ud83d\udfe7 Lo scorso gioved\u00ec 25 settembre, abbiamo avuto il piacere di ospitare, presso la nostra sede, l&#039;evento &quot;Elementi in legno nel restauro e recupero di edifici storici&quot;. \n\nLa giornata prevedeva dapprima un seminario, quindi la visita all&#039;azienda. Il relatore \u00e8 stato Fabio Marchiori, Project Manager @ateliers_alfonso_femia. Hanno partecipato alcuni studi fra cui @dfapartners, @obr.eu, @upperwestarchitects, Gherardi Architetti. \n\n#FalegnameriaAresi #AresiWoodTechnologies #Wood #Design #ModernArchitecture #Architecture #Windows #ArchitecturalDesign #SustainableLiving' target=\"_blank\" rel=\"noreferrer\" class='fts-child-media fts-child-media-hide fts-instagram-link-target fts-slicker-backg\n                                                                     fts-instagram-img-link'><\/a>\n                                                                <a href='' title='\ud83d\udfe7 Lo scorso gioved\u00ec 25 settembre, abbiamo avuto il piacere di ospitare, presso la nostra sede, l&#039;evento &quot;Elementi in legno nel restauro e recupero di edifici storici&quot;. \n\nLa giornata prevedeva dapprima un seminario, quindi la visita all&#039;azienda. Il relatore \u00e8 stato Fabio Marchiori, Project Manager @ateliers_alfonso_femia. Hanno partecipato alcuni studi fra cui @dfapartners, @obr.eu, @upperwestarchitects, Gherardi Architetti. \n\n#FalegnameriaAresi #AresiWoodTechnologies #Wood #Design #ModernArchitecture #Architecture #Windows #ArchitecturalDesign #SustainableLiving' target=\"_blank\" rel=\"noreferrer\" class='fts-child-media fts-child-media-hide fts-instagram-link-target fts-slicker-backg\n                                                                     fts-instagram-img-link'><\/a>\n                                                                <a href='' title='\ud83d\udfe7 Lo scorso gioved\u00ec 25 settembre, abbiamo avuto il piacere di ospitare, presso la nostra sede, l&#039;evento &quot;Elementi in legno nel restauro e recupero di edifici storici&quot;. \n\nLa giornata prevedeva dapprima un seminario, quindi la visita all&#039;azienda. Il relatore \u00e8 stato Fabio Marchiori, Project Manager @ateliers_alfonso_femia. Hanno partecipato alcuni studi fra cui @dfapartners, @obr.eu, @upperwestarchitects, Gherardi Architetti. \n\n#FalegnameriaAresi #AresiWoodTechnologies #Wood #Design #ModernArchitecture #Architecture #Windows #ArchitecturalDesign #SustainableLiving' target=\"_blank\" rel=\"noreferrer\" class='fts-child-media fts-child-media-hide fts-instagram-link-target fts-slicker-backg\n                                                                     fts-instagram-img-link'><\/a>\n                                                                <a href='' title='\ud83d\udfe7 Lo scorso gioved\u00ec 25 settembre, abbiamo avuto il piacere di ospitare, presso la nostra sede, l&#039;evento &quot;Elementi in legno nel restauro e recupero di edifici storici&quot;. \n\nLa giornata prevedeva dapprima un seminario, quindi la visita all&#039;azienda. Il relatore \u00e8 stato Fabio Marchiori, Project Manager @ateliers_alfonso_femia. Hanno partecipato alcuni studi fra cui @dfapartners, @obr.eu, @upperwestarchitects, Gherardi Architetti. \n\n#FalegnameriaAresi #AresiWoodTechnologies #Wood #Design #ModernArchitecture #Architecture #Windows #ArchitecturalDesign #SustainableLiving' target=\"_blank\" rel=\"noreferrer\" class='fts-child-media fts-child-media-hide fts-instagram-link-target fts-slicker-backg\n                                                                     fts-instagram-img-link'><\/a>\n                                                                <a href='' title='\ud83d\udfe7 Lo scorso gioved\u00ec 25 settembre, abbiamo avuto il piacere di ospitare, presso la nostra sede, l&#039;evento &quot;Elementi in legno nel restauro e recupero di edifici storici&quot;. \n\nLa giornata prevedeva dapprima un seminario, quindi la visita all&#039;azienda. Il relatore \u00e8 stato Fabio Marchiori, Project Manager @ateliers_alfonso_femia. Hanno partecipato alcuni studi fra cui @dfapartners, @obr.eu, @upperwestarchitects, Gherardi Architetti. \n\n#FalegnameriaAresi #AresiWoodTechnologies #Wood #Design #ModernArchitecture #Architecture #Windows #ArchitecturalDesign #SustainableLiving' target=\"_blank\" rel=\"noreferrer\" class='fts-child-media fts-child-media-hide fts-instagram-link-target fts-slicker-backg\n                                                                     fts-instagram-img-link'><\/a>\n                                \n                        <div class='slicker-date'>\n\n                            <div class=\"fts-insta-date-popup-grab\">\n                            7 months ago                            <\/div>\n                        <\/div>\n                    <div class='slicker-instaG-backg-link'>\n\n                        <div class='slicker-instaG-photoshadow'><\/div>\n                    <\/div>\n                        <div class=\"fts-insta-likes-comments-grab-popup\">\n\n                            <div class=\"fts-share-wrap\"><a href=\"javascript:;\" class=\"ft-gallery-link-popup\" title=\"Social Share Options\"><\/a><div class=\"ft-gallery-share-wrap\"><a href=\"https:\/\/www.facebook.com\/sharer\/sharer.php?u=https:\/\/www.instagram.com\/p\/DPRZQQJjDXr\/\" target=\"_blank\" rel=\"noreferrer\" class=\"ft-galleryfacebook-icon\" title=\"Share this post on Facebook\"><i class=\"fa fa-facebook-square\"><\/i><\/a><a href=\"https:\/\/twitter.com\/intent\/tweet?text=https:\/\/www.instagram.com\/p\/DPRZQQJjDXr\/+\ud83d\udfe7 Lo scorso gioved\u00ec 25 settembre, abbiamo avuto il piacere di ospitare, presso la nostra sede, l&#039;evento &quot;Elementi in legno nel restauro e recupero di edifici storici&quot;. \n\nLa giornata prevedeva dapprima un seminario, quindi la visita all&#039;azienda. Il relatore \u00e8 stato Fabio Marchiori, Project Manager @ateliers_alfonso_femia. Hanno partecipato alcuni studi fra cui @dfapartners, @obr.eu, @upperwestarchitects, Gherardi Architetti. \n\n#FalegnameriaAresi #AresiWoodTechnologies #Wood #Design #ModernArchitecture #Architecture #Windows #ArchitecturalDesign #SustainableLiving\" target=\"_blank\" rel=\"noreferrer\" class=\"ft-gallerytwitter-icon\" title=\"Share this post on Twitter\"><i class=\"fa fa-twitter\"><\/i><\/a><a href=\"https:\/\/www.linkedin.com\/shareArticle?mini=true&amp;url=https:\/\/www.instagram.com\/p\/DPRZQQJjDXr\/\" target=\"_blank\" rel=\"noreferrer\" class=\"ft-gallerylinkedin-icon\" title=\"Share this post on Linkedin\"><i class=\"fa fa-linkedin\"><\/i><\/a><a href=\"mailto:?subject=Shared Link&amp;body=https:\/\/www.instagram.com\/p\/DPRZQQJjDXr\/ - \ud83d\udfe7 Lo scorso gioved\u00ec 25 settembre, abbiamo avuto il piacere di ospitare, presso la nostra sede, l&#039;evento &quot;Elementi in legno nel restauro e recupero di edifici storici&quot;. \n\nLa giornata prevedeva dapprima un seminario, quindi la visita all&#039;azienda. Il relatore \u00e8 stato Fabio Marchiori, Project Manager @ateliers_alfonso_femia. Hanno partecipato alcuni studi fra cui @dfapartners, @obr.eu, @upperwestarchitects, Gherardi Architetti. \n\n#FalegnameriaAresi #AresiWoodTechnologies #Wood #Design #ModernArchitecture #Architecture #Windows #ArchitecturalDesign #SustainableLiving\" target=\"_blank\" rel=\"noreferrer\" class=\"ft-galleryemail-icon\" title=\"Share this post in your email\"><i class=\"fa fa-envelope\"><\/i><\/a><\/div><\/div>                        <\/div>\n                <\/div>\n                                                <div class=\"slicker-instagram-placeholder fts-instagram-wrapper\" style=\"background-image:url('https:\/\/scontent-mxp2-1.cdninstagram.com\/v\/t51.82787-15\/542832211_18339625534206542_9094500809693041086_n.jpg?stp=dst-jpg_e35_tt6&#038;_nc_cat=101&#038;ccb=7-5&#038;_nc_sid=18de74&#038;efg=eyJlZmdfdGFnIjoiQ0xJUFMuYmVzdF9pbWFnZV91cmxnZW4uQzMifQ%3D%3D&#038;_nc_ohc=GV0grx0M6LMQ7kNvwG87nyp&#038;_nc_oc=AdrE-C88nWhZ-jjyVEDCDMYd46YwATT9cy3_cTMpRXd-OGEWq7xwbsN0kTj9P1yjqPQ&#038;_nc_zt=23&#038;_nc_ht=scontent-mxp2-1.cdninstagram.com&#038;edm=ANQ71j8EAAAA&#038;_nc_gid=hR4YXLKsLfg65tfw5FNPgA&#038;_nc_tpa=Q5bMBQFjWbGbVu8qWlxhaGM3q6yzBUWEmGsK5emgDArReoqr4mNEDvv0qIts5sbb8r8wDHXzqKsQ3Y4d&#038;oh=00_Af2eQY6lBRbtRL3qyZ1lXSkIfJznUZdxazLw5SzqGEvVCQ&#038;oe=69F88A5D')\">\n                                            <a href='https:\/\/www.instagram.com\/reel\/DOWG2WUDC7g\/' title='\ud83d\udfe7 Il 12 settembre parteciperemo al nuovo appuntamento di @vette_e_onde_experience. Questa terza tappa avr\u00e0 come titolo \u201cNuove forme di ospitalit\u00e0 e servizi per il turismo montano\u201d. Sar\u00e0 una preziosa occasione per condividere idee e per confrontarsi con professionisti del settore.\n\nFra i partecipanti ci saranno  @acpv.architects, @gruppo_cdp, FMTG | Falkensteiner Michaeler Tourism Group, @fosterandpartners, @cbre_italy, @qcterme, Gruppo Lungolivigno, @alpitour, @we.are.noa, @saintjane_hotels, Emilio Pozzi -SVP  Olympic &amp; Paralympic Games)\n\n\ud83d\udd38Anche in questa tappa di Livigno @Falegnameria Aresi sar\u00e0 partner dell&#039;evento.\n\n\u25b6\ufe0f Per l&#039;occasione ci siamo raccontati in un video\n\n#FalegnameriaAresi #AresiWoodTechnologies #Wood #Design #ModernArchitecture #Architecture #Windows #ArchitecturalDesign #SustainableLiving' target=\"_blank\" rel=\"noreferrer\" class='fts-instagram-link-target fts-slicker-backg\n                         fts-instagram-img-link' style=\"height:65px !important; width:65px; line-height:65px; font-size:65px;\"><span class=\"fts-instagram-icon\" style=\"height:65px; width:65px; line-height:65px; font-size:65px;\"><\/span><\/a>\n                                                    <div class=\"fts-instagram-video-image-wrapper\"><div class=\"fts-instagram-video-image\"><\/div><\/div>\n                            \n                        <div class='slicker-date'>\n\n                            <div class=\"fts-insta-date-popup-grab\">\n                            8 months ago                            <\/div>\n                        <\/div>\n                    <div class='slicker-instaG-backg-link'>\n\n                        <div class='slicker-instaG-photoshadow'><\/div>\n                    <\/div>\n                        <div class=\"fts-insta-likes-comments-grab-popup\">\n\n                            <div class=\"fts-share-wrap\"><a href=\"javascript:;\" class=\"ft-gallery-link-popup\" title=\"Social Share Options\"><\/a><div class=\"ft-gallery-share-wrap\"><a href=\"https:\/\/www.facebook.com\/sharer\/sharer.php?u=https:\/\/www.instagram.com\/reel\/DOWG2WUDC7g\/\" target=\"_blank\" rel=\"noreferrer\" class=\"ft-galleryfacebook-icon\" title=\"Share this post on Facebook\"><i class=\"fa fa-facebook-square\"><\/i><\/a><a href=\"https:\/\/twitter.com\/intent\/tweet?text=https:\/\/www.instagram.com\/reel\/DOWG2WUDC7g\/+\ud83d\udfe7 Il 12 settembre parteciperemo al nuovo appuntamento di @vette_e_onde_experience. Questa terza tappa avr\u00e0 come titolo \u201cNuove forme di ospitalit\u00e0 e servizi per il turismo montano\u201d. Sar\u00e0 una preziosa occasione per condividere idee e per confrontarsi con professionisti del settore.\n\nFra i partecipanti ci saranno  @acpv.architects, @gruppo_cdp, FMTG | Falkensteiner Michaeler Tourism Group, @fosterandpartners, @cbre_italy, @qcterme, Gruppo Lungolivigno, @alpitour, @we.are.noa, @saintjane_hotels, Emilio Pozzi -SVP  Olympic &amp; Paralympic Games)\n\n\ud83d\udd38Anche in questa tappa di Livigno @Falegnameria Aresi sar\u00e0 partner dell&#039;evento.\n\n\u25b6\ufe0f Per l&#039;occasione ci siamo raccontati in un video\n\n#FalegnameriaAresi #AresiWoodTechnologies #Wood #Design #ModernArchitecture #Architecture #Windows #ArchitecturalDesign #SustainableLiving\" target=\"_blank\" rel=\"noreferrer\" class=\"ft-gallerytwitter-icon\" title=\"Share this post on Twitter\"><i class=\"fa fa-twitter\"><\/i><\/a><a href=\"https:\/\/www.linkedin.com\/shareArticle?mini=true&amp;url=https:\/\/www.instagram.com\/reel\/DOWG2WUDC7g\/\" target=\"_blank\" rel=\"noreferrer\" class=\"ft-gallerylinkedin-icon\" title=\"Share this post on Linkedin\"><i class=\"fa fa-linkedin\"><\/i><\/a><a href=\"mailto:?subject=Shared Link&amp;body=https:\/\/www.instagram.com\/reel\/DOWG2WUDC7g\/ - \ud83d\udfe7 Il 12 settembre parteciperemo al nuovo appuntamento di @vette_e_onde_experience. Questa terza tappa avr\u00e0 come titolo \u201cNuove forme di ospitalit\u00e0 e servizi per il turismo montano\u201d. Sar\u00e0 una preziosa occasione per condividere idee e per confrontarsi con professionisti del settore.\n\nFra i partecipanti ci saranno  @acpv.architects, @gruppo_cdp, FMTG | Falkensteiner Michaeler Tourism Group, @fosterandpartners, @cbre_italy, @qcterme, Gruppo Lungolivigno, @alpitour, @we.are.noa, @saintjane_hotels, Emilio Pozzi -SVP  Olympic &amp; Paralympic Games)\n\n\ud83d\udd38Anche in questa tappa di Livigno @Falegnameria Aresi sar\u00e0 partner dell&#039;evento.\n\n\u25b6\ufe0f Per l&#039;occasione ci siamo raccontati in un video\n\n#FalegnameriaAresi #AresiWoodTechnologies #Wood #Design #ModernArchitecture #Architecture #Windows #ArchitecturalDesign #SustainableLiving\" target=\"_blank\" rel=\"noreferrer\" class=\"ft-galleryemail-icon\" title=\"Share this post in your email\"><i class=\"fa fa-envelope\"><\/i><\/a><\/div><\/div>                        <\/div>\n                <\/div>\n                                                <div class=\"slicker-instagram-placeholder fts-instagram-wrapper\" style=\"background-image:url('https:\/\/scontent-mxp2-1.cdninstagram.com\/v\/t51.82787-15\/650985836_17965444203044706_3491635607629070116_n.jpg?stp=dst-jpg_e35_tt6&#038;_nc_cat=100&#038;ccb=7-5&#038;_nc_sid=18de74&#038;efg=eyJlZmdfdGFnIjoiQ0FST1VTRUxfSVRFTS5iZXN0X2ltYWdlX3VybGdlbi5DMyJ9&#038;_nc_ohc=MqQn9d5al0UQ7kNvwFtIn6E&#038;_nc_oc=Ado8Pf1M54HCpBkQ-1Vv_Kjq0NqRIl4kLGJyFR8H-b-3ylP2UQolR3KuLiXc-k5znY8&#038;_nc_zt=23&#038;_nc_ht=scontent-mxp2-1.cdninstagram.com&#038;edm=ANQ71j8EAAAA&#038;_nc_gid=V35dOmKnpYwe9sl-NGOvYQ&#038;_nc_tpa=Q5bMBQGvQy1aA5WcPeKtdqErZVPTIAJ3usBgu16jKm-1SwMhsS3rBPDTbx2jek0AUVkBZ7oNduQichCA&#038;oh=00_Af1rXi2bRo60803uyRvjyLDqJLFsYTF6QM9couUbdqEQTg&#038;oe=69F87F95')\">\n                                            <a href='https:\/\/www.instagram.com\/p\/DMsAQw1o1_Q\/' title='Ampliamento scuola elementare Travagliato\n@pbeb.architetti\nTravagliato, Brescia\n\n\ud83d\udfe7 La scuola primaria di Travagliato, esempio emblematico del ruolo sociale ed educativo delle scuole come cuore della comunit\u00e0, \u00e8 stata oggetto di un intervento di ampliamento e riqualificazione che, nel rispetto della sua storicit\u00e0 architettonica, ha integrato spazi innovativi e multifunzionali per una didattica contemporanea, sostenibile e inclusiva.\n\n\ud83d\udfe7 In Travagliato, the historic primary school was thoughtfully expanded by Paolo Belloni to blend contemporary, multifunctional, and sustainable learning spaces with the building\u2019s original architecture, creating a cohesive environment that supports modern education while preserving cultural heritage.\n\n\ud83d\udcf7 Alessandro Roncaglione\n\n#FalegnameriaAresi #AresiWoodTechnologies #Wood #Design #ModernArchitecture #Architecture #Windows #ArchitecturalDesign #SustainableLiving' target=\"_blank\" rel=\"noreferrer\" class='fts-child-media fts-instagram-link-target fts-slicker-backg\n                         fts-instagram-img-link' style=\"height:65px !important; width:65px; line-height:65px; font-size:65px;\"><span class=\"fts-instagram-icon\" style=\"height:65px; width:65px; line-height:65px; font-size:65px;\"><\/span><\/a>\n                                                    <div class=\"fts-carousel-image-wrapper\"><div class=\"fts-carousel-image\" ><\/div><\/div>\n                                                            <a href='' title='Ampliamento scuola elementare Travagliato\n@pbeb.architetti\nTravagliato, Brescia\n\n\ud83d\udfe7 La scuola primaria di Travagliato, esempio emblematico del ruolo sociale ed educativo delle scuole come cuore della comunit\u00e0, \u00e8 stata oggetto di un intervento di ampliamento e riqualificazione che, nel rispetto della sua storicit\u00e0 architettonica, ha integrato spazi innovativi e multifunzionali per una didattica contemporanea, sostenibile e inclusiva.\n\n\ud83d\udfe7 In Travagliato, the historic primary school was thoughtfully expanded by Paolo Belloni to blend contemporary, multifunctional, and sustainable learning spaces with the building\u2019s original architecture, creating a cohesive environment that supports modern education while preserving cultural heritage.\n\n\ud83d\udcf7 Alessandro Roncaglione\n\n#FalegnameriaAresi #AresiWoodTechnologies #Wood #Design #ModernArchitecture #Architecture #Windows #ArchitecturalDesign #SustainableLiving' target=\"_blank\" rel=\"noreferrer\" class='fts-child-media fts-child-media-hide fts-instagram-link-target fts-slicker-backg\n                                                                     fts-instagram-img-link'><\/a>\n                                                                <a href='' title='Ampliamento scuola elementare Travagliato\n@pbeb.architetti\nTravagliato, Brescia\n\n\ud83d\udfe7 La scuola primaria di Travagliato, esempio emblematico del ruolo sociale ed educativo delle scuole come cuore della comunit\u00e0, \u00e8 stata oggetto di un intervento di ampliamento e riqualificazione che, nel rispetto della sua storicit\u00e0 architettonica, ha integrato spazi innovativi e multifunzionali per una didattica contemporanea, sostenibile e inclusiva.\n\n\ud83d\udfe7 In Travagliato, the historic primary school was thoughtfully expanded by Paolo Belloni to blend contemporary, multifunctional, and sustainable learning spaces with the building\u2019s original architecture, creating a cohesive environment that supports modern education while preserving cultural heritage.\n\n\ud83d\udcf7 Alessandro Roncaglione\n\n#FalegnameriaAresi #AresiWoodTechnologies #Wood #Design #ModernArchitecture #Architecture #Windows #ArchitecturalDesign #SustainableLiving' target=\"_blank\" rel=\"noreferrer\" class='fts-child-media fts-child-media-hide fts-instagram-link-target fts-slicker-backg\n                                                                     fts-instagram-img-link'><\/a>\n                                                                <a href='' title='Ampliamento scuola elementare Travagliato\n@pbeb.architetti\nTravagliato, Brescia\n\n\ud83d\udfe7 La scuola primaria di Travagliato, esempio emblematico del ruolo sociale ed educativo delle scuole come cuore della comunit\u00e0, \u00e8 stata oggetto di un intervento di ampliamento e riqualificazione che, nel rispetto della sua storicit\u00e0 architettonica, ha integrato spazi innovativi e multifunzionali per una didattica contemporanea, sostenibile e inclusiva.\n\n\ud83d\udfe7 In Travagliato, the historic primary school was thoughtfully expanded by Paolo Belloni to blend contemporary, multifunctional, and sustainable learning spaces with the building\u2019s original architecture, creating a cohesive environment that supports modern education while preserving cultural heritage.\n\n\ud83d\udcf7 Alessandro Roncaglione\n\n#FalegnameriaAresi #AresiWoodTechnologies #Wood #Design #ModernArchitecture #Architecture #Windows #ArchitecturalDesign #SustainableLiving' target=\"_blank\" rel=\"noreferrer\" class='fts-child-media fts-child-media-hide fts-instagram-link-target fts-slicker-backg\n                                                                     fts-instagram-img-link'><\/a>\n                                                                <a href='' title='Ampliamento scuola elementare Travagliato\n@pbeb.architetti\nTravagliato, Brescia\n\n\ud83d\udfe7 La scuola primaria di Travagliato, esempio emblematico del ruolo sociale ed educativo delle scuole come cuore della comunit\u00e0, \u00e8 stata oggetto di un intervento di ampliamento e riqualificazione che, nel rispetto della sua storicit\u00e0 architettonica, ha integrato spazi innovativi e multifunzionali per una didattica contemporanea, sostenibile e inclusiva.\n\n\ud83d\udfe7 In Travagliato, the historic primary school was thoughtfully expanded by Paolo Belloni to blend contemporary, multifunctional, and sustainable learning spaces with the building\u2019s original architecture, creating a cohesive environment that supports modern education while preserving cultural heritage.\n\n\ud83d\udcf7 Alessandro Roncaglione\n\n#FalegnameriaAresi #AresiWoodTechnologies #Wood #Design #ModernArchitecture #Architecture #Windows #ArchitecturalDesign #SustainableLiving' target=\"_blank\" rel=\"noreferrer\" class='fts-child-media fts-child-media-hide fts-instagram-link-target fts-slicker-backg\n                                                                     fts-instagram-img-link'><\/a>\n                                                                <a href='' title='Ampliamento scuola elementare Travagliato\n@pbeb.architetti\nTravagliato, Brescia\n\n\ud83d\udfe7 La scuola primaria di Travagliato, esempio emblematico del ruolo sociale ed educativo delle scuole come cuore della comunit\u00e0, \u00e8 stata oggetto di un intervento di ampliamento e riqualificazione che, nel rispetto della sua storicit\u00e0 architettonica, ha integrato spazi innovativi e multifunzionali per una didattica contemporanea, sostenibile e inclusiva.\n\n\ud83d\udfe7 In Travagliato, the historic primary school was thoughtfully expanded by Paolo Belloni to blend contemporary, multifunctional, and sustainable learning spaces with the building\u2019s original architecture, creating a cohesive environment that supports modern education while preserving cultural heritage.\n\n\ud83d\udcf7 Alessandro Roncaglione\n\n#FalegnameriaAresi #AresiWoodTechnologies #Wood #Design #ModernArchitecture #Architecture #Windows #ArchitecturalDesign #SustainableLiving' target=\"_blank\" rel=\"noreferrer\" class='fts-child-media fts-child-media-hide fts-instagram-link-target fts-slicker-backg\n                                                                     fts-instagram-img-link'><\/a>\n                                                                <a href='' title='Ampliamento scuola elementare Travagliato\n@pbeb.architetti\nTravagliato, Brescia\n\n\ud83d\udfe7 La scuola primaria di Travagliato, esempio emblematico del ruolo sociale ed educativo delle scuole come cuore della comunit\u00e0, \u00e8 stata oggetto di un intervento di ampliamento e riqualificazione che, nel rispetto della sua storicit\u00e0 architettonica, ha integrato spazi innovativi e multifunzionali per una didattica contemporanea, sostenibile e inclusiva.\n\n\ud83d\udfe7 In Travagliato, the historic primary school was thoughtfully expanded by Paolo Belloni to blend contemporary, multifunctional, and sustainable learning spaces with the building\u2019s original architecture, creating a cohesive environment that supports modern education while preserving cultural heritage.\n\n\ud83d\udcf7 Alessandro Roncaglione\n\n#FalegnameriaAresi #AresiWoodTechnologies #Wood #Design #ModernArchitecture #Architecture #Windows #ArchitecturalDesign #SustainableLiving' target=\"_blank\" rel=\"noreferrer\" class='fts-child-media fts-child-media-hide fts-instagram-link-target fts-slicker-backg\n                                                                     fts-instagram-img-link'><\/a>\n                                                                <a href='' title='Ampliamento scuola elementare Travagliato\n@pbeb.architetti\nTravagliato, Brescia\n\n\ud83d\udfe7 La scuola primaria di Travagliato, esempio emblematico del ruolo sociale ed educativo delle scuole come cuore della comunit\u00e0, \u00e8 stata oggetto di un intervento di ampliamento e riqualificazione che, nel rispetto della sua storicit\u00e0 architettonica, ha integrato spazi innovativi e multifunzionali per una didattica contemporanea, sostenibile e inclusiva.\n\n\ud83d\udfe7 In Travagliato, the historic primary school was thoughtfully expanded by Paolo Belloni to blend contemporary, multifunctional, and sustainable learning spaces with the building\u2019s original architecture, creating a cohesive environment that supports modern education while preserving cultural heritage.\n\n\ud83d\udcf7 Alessandro Roncaglione\n\n#FalegnameriaAresi #AresiWoodTechnologies #Wood #Design #ModernArchitecture #Architecture #Windows #ArchitecturalDesign #SustainableLiving' target=\"_blank\" rel=\"noreferrer\" class='fts-child-media fts-child-media-hide fts-instagram-link-target fts-slicker-backg\n                                                                     fts-instagram-img-link'><\/a>\n                                                                <a href='' title='Ampliamento scuola elementare Travagliato\n@pbeb.architetti\nTravagliato, Brescia\n\n\ud83d\udfe7 La scuola primaria di Travagliato, esempio emblematico del ruolo sociale ed educativo delle scuole come cuore della comunit\u00e0, \u00e8 stata oggetto di un intervento di ampliamento e riqualificazione che, nel rispetto della sua storicit\u00e0 architettonica, ha integrato spazi innovativi e multifunzionali per una didattica contemporanea, sostenibile e inclusiva.\n\n\ud83d\udfe7 In Travagliato, the historic primary school was thoughtfully expanded by Paolo Belloni to blend contemporary, multifunctional, and sustainable learning spaces with the building\u2019s original architecture, creating a cohesive environment that supports modern education while preserving cultural heritage.\n\n\ud83d\udcf7 Alessandro Roncaglione\n\n#FalegnameriaAresi #AresiWoodTechnologies #Wood #Design #ModernArchitecture #Architecture #Windows #ArchitecturalDesign #SustainableLiving' target=\"_blank\" rel=\"noreferrer\" class='fts-child-media fts-child-media-hide fts-instagram-link-target fts-slicker-backg\n                                                                     fts-instagram-img-link'><\/a>\n                                                                <a href='' title='Ampliamento scuola elementare Travagliato\n@pbeb.architetti\nTravagliato, Brescia\n\n\ud83d\udfe7 La scuola primaria di Travagliato, esempio emblematico del ruolo sociale ed educativo delle scuole come cuore della comunit\u00e0, \u00e8 stata oggetto di un intervento di ampliamento e riqualificazione che, nel rispetto della sua storicit\u00e0 architettonica, ha integrato spazi innovativi e multifunzionali per una didattica contemporanea, sostenibile e inclusiva.\n\n\ud83d\udfe7 In Travagliato, the historic primary school was thoughtfully expanded by Paolo Belloni to blend contemporary, multifunctional, and sustainable learning spaces with the building\u2019s original architecture, creating a cohesive environment that supports modern education while preserving cultural heritage.\n\n\ud83d\udcf7 Alessandro Roncaglione\n\n#FalegnameriaAresi #AresiWoodTechnologies #Wood #Design #ModernArchitecture #Architecture #Windows #ArchitecturalDesign #SustainableLiving' target=\"_blank\" rel=\"noreferrer\" class='fts-child-media fts-child-media-hide fts-instagram-link-target fts-slicker-backg\n                                                                     fts-instagram-img-link'><\/a>\n                                \n                        <div class='slicker-date'>\n\n                            <div class=\"fts-insta-date-popup-grab\">\n                            9 months ago                            <\/div>\n                        <\/div>\n                    <div class='slicker-instaG-backg-link'>\n\n                        <div class='slicker-instaG-photoshadow'><\/div>\n                    <\/div>\n                        <div class=\"fts-insta-likes-comments-grab-popup\">\n\n                            <div class=\"fts-share-wrap\"><a href=\"javascript:;\" class=\"ft-gallery-link-popup\" title=\"Social Share Options\"><\/a><div class=\"ft-gallery-share-wrap\"><a href=\"https:\/\/www.facebook.com\/sharer\/sharer.php?u=https:\/\/www.instagram.com\/p\/DMsAQw1o1_Q\/\" target=\"_blank\" rel=\"noreferrer\" class=\"ft-galleryfacebook-icon\" title=\"Share this post on Facebook\"><i class=\"fa fa-facebook-square\"><\/i><\/a><a href=\"https:\/\/twitter.com\/intent\/tweet?text=https:\/\/www.instagram.com\/p\/DMsAQw1o1_Q\/+Ampliamento scuola elementare Travagliato\n@pbeb.architetti\nTravagliato, Brescia\n\n\ud83d\udfe7 La scuola primaria di Travagliato, esempio emblematico del ruolo sociale ed educativo delle scuole come cuore della comunit\u00e0, \u00e8 stata oggetto di un intervento di ampliamento e riqualificazione che, nel rispetto della sua storicit\u00e0 architettonica, ha integrato spazi innovativi e multifunzionali per una didattica contemporanea, sostenibile e inclusiva.\n\n\ud83d\udfe7 In Travagliato, the historic primary school was thoughtfully expanded by Paolo Belloni to blend contemporary, multifunctional, and sustainable learning spaces with the building\u2019s original architecture, creating a cohesive environment that supports modern education while preserving cultural heritage.\n\n\ud83d\udcf7 Alessandro Roncaglione\n\n#FalegnameriaAresi #AresiWoodTechnologies #Wood #Design #ModernArchitecture #Architecture #Windows #ArchitecturalDesign #SustainableLiving\" target=\"_blank\" rel=\"noreferrer\" class=\"ft-gallerytwitter-icon\" title=\"Share this post on Twitter\"><i class=\"fa fa-twitter\"><\/i><\/a><a href=\"https:\/\/www.linkedin.com\/shareArticle?mini=true&amp;url=https:\/\/www.instagram.com\/p\/DMsAQw1o1_Q\/\" target=\"_blank\" rel=\"noreferrer\" class=\"ft-gallerylinkedin-icon\" title=\"Share this post on Linkedin\"><i class=\"fa fa-linkedin\"><\/i><\/a><a href=\"mailto:?subject=Shared Link&amp;body=https:\/\/www.instagram.com\/p\/DMsAQw1o1_Q\/ - Ampliamento scuola elementare Travagliato\n@pbeb.architetti\nTravagliato, Brescia\n\n\ud83d\udfe7 La scuola primaria di Travagliato, esempio emblematico del ruolo sociale ed educativo delle scuole come cuore della comunit\u00e0, \u00e8 stata oggetto di un intervento di ampliamento e riqualificazione che, nel rispetto della sua storicit\u00e0 architettonica, ha integrato spazi innovativi e multifunzionali per una didattica contemporanea, sostenibile e inclusiva.\n\n\ud83d\udfe7 In Travagliato, the historic primary school was thoughtfully expanded by Paolo Belloni to blend contemporary, multifunctional, and sustainable learning spaces with the building\u2019s original architecture, creating a cohesive environment that supports modern education while preserving cultural heritage.\n\n\ud83d\udcf7 Alessandro Roncaglione\n\n#FalegnameriaAresi #AresiWoodTechnologies #Wood #Design #ModernArchitecture #Architecture #Windows #ArchitecturalDesign #SustainableLiving\" target=\"_blank\" rel=\"noreferrer\" class=\"ft-galleryemail-icon\" title=\"Share this post in your email\"><i class=\"fa fa-envelope\"><\/i><\/a><\/div><\/div>                        <\/div>\n                <\/div>\n                                                <div class=\"slicker-instagram-placeholder fts-instagram-wrapper\" style=\"background-image:url('https:\/\/scontent-mxp2-1.cdninstagram.com\/v\/t51.82787-15\/669744294_18590100274022123_4064612289596635031_n.jpg?stp=dst-jpg_e35_tt6&#038;_nc_cat=105&#038;ccb=7-5&#038;_nc_sid=18de74&#038;efg=eyJlZmdfdGFnIjoiQ0FST1VTRUxfSVRFTS5iZXN0X2ltYWdlX3VybGdlbi5DMyJ9&#038;_nc_ohc=p6H4xxm7lNkQ7kNvwG0r5y6&#038;_nc_oc=AdqAXB-dgWP8hNVQZDRIGNB9dAy8pskzoK-BGUa_vxZvwfRbQ7XnWvwUCTX2dtEBoUE&#038;_nc_zt=23&#038;_nc_ht=scontent-mxp2-1.cdninstagram.com&#038;edm=ANQ71j8EAAAA&#038;_nc_gid=KVZxB8-XsP8OndSWtdz8Og&#038;_nc_tpa=Q5bMBQFI-WXVxKLz5PMPOSOE_xxDmScS7_djydfcgGVAzPMAv3bNIOPKVyOXPmGyCYhsp_yyWI_G1JCL&#038;oh=00_Af05BNA7w34Pnvg1dwyvo8qaDcEULq9gt8lUkxNnRAX93Q&#038;oe=69F88EEA')\">\n                                            <a href='https:\/\/www.instagram.com\/p\/DMZ-xbQIcYC\/' title='Banca Ersel\n@ateliers_alfonso_femia\nMilan, Italy\n\n\ud83d\udfe7 La storica sede milanese della Societ\u00e0 Generale Elettrica dell\u2019Adamello, risalente al 1928, \u00e8 stata oggetto di una riqualificazione firmata Atelier(s) Alfonso Femia, che ha saputo valorizzare l\u2019identit\u00e0 architettonica originaria reinterpretandola in chiave contemporanea attraverso interventi misurati, efficientamento energetico, flessibilit\u00e0 spaziale e integrazione tra tecnologia, luce naturale e verde.\n\n\ud83d\udfe7 Atelier(s) Alfonso Femia has redeveloped the 1928 former headquarters of Milan\u2019s Societ\u00e0 Generale Elettrica dell\u2019Adamello by enhancing its historical identity through discreet contemporary interventions that balance technological innovation, spatial flexibility, and architectural preservation.\n\n\ud83d\udcf7 Anzini\n\n#FalegnameriaAresi #AresiWoodTechnologies #Wood #Design #ModernArchitecture #Architecture #Windows #ArchitecturalDesign #SustainableLiving' target=\"_blank\" rel=\"noreferrer\" class='fts-child-media fts-instagram-link-target fts-slicker-backg\n                         fts-instagram-img-link' style=\"height:65px !important; width:65px; line-height:65px; font-size:65px;\"><span class=\"fts-instagram-icon\" style=\"height:65px; width:65px; line-height:65px; font-size:65px;\"><\/span><\/a>\n                                                    <div class=\"fts-carousel-image-wrapper\"><div class=\"fts-carousel-image\" ><\/div><\/div>\n                                                            <a href='' title='Banca Ersel\n@ateliers_alfonso_femia\nMilan, Italy\n\n\ud83d\udfe7 La storica sede milanese della Societ\u00e0 Generale Elettrica dell\u2019Adamello, risalente al 1928, \u00e8 stata oggetto di una riqualificazione firmata Atelier(s) Alfonso Femia, che ha saputo valorizzare l\u2019identit\u00e0 architettonica originaria reinterpretandola in chiave contemporanea attraverso interventi misurati, efficientamento energetico, flessibilit\u00e0 spaziale e integrazione tra tecnologia, luce naturale e verde.\n\n\ud83d\udfe7 Atelier(s) Alfonso Femia has redeveloped the 1928 former headquarters of Milan\u2019s Societ\u00e0 Generale Elettrica dell\u2019Adamello by enhancing its historical identity through discreet contemporary interventions that balance technological innovation, spatial flexibility, and architectural preservation.\n\n\ud83d\udcf7 Anzini\n\n#FalegnameriaAresi #AresiWoodTechnologies #Wood #Design #ModernArchitecture #Architecture #Windows #ArchitecturalDesign #SustainableLiving' target=\"_blank\" rel=\"noreferrer\" class='fts-child-media fts-child-media-hide fts-instagram-link-target fts-slicker-backg\n                                                                     fts-instagram-img-link'><\/a>\n                                                                <a href='' title='Banca Ersel\n@ateliers_alfonso_femia\nMilan, Italy\n\n\ud83d\udfe7 La storica sede milanese della Societ\u00e0 Generale Elettrica dell\u2019Adamello, risalente al 1928, \u00e8 stata oggetto di una riqualificazione firmata Atelier(s) Alfonso Femia, che ha saputo valorizzare l\u2019identit\u00e0 architettonica originaria reinterpretandola in chiave contemporanea attraverso interventi misurati, efficientamento energetico, flessibilit\u00e0 spaziale e integrazione tra tecnologia, luce naturale e verde.\n\n\ud83d\udfe7 Atelier(s) Alfonso Femia has redeveloped the 1928 former headquarters of Milan\u2019s Societ\u00e0 Generale Elettrica dell\u2019Adamello by enhancing its historical identity through discreet contemporary interventions that balance technological innovation, spatial flexibility, and architectural preservation.\n\n\ud83d\udcf7 Anzini\n\n#FalegnameriaAresi #AresiWoodTechnologies #Wood #Design #ModernArchitecture #Architecture #Windows #ArchitecturalDesign #SustainableLiving' target=\"_blank\" rel=\"noreferrer\" class='fts-child-media fts-child-media-hide fts-instagram-link-target fts-slicker-backg\n                                                                     fts-instagram-img-link'><\/a>\n                                                                <a href='' title='Banca Ersel\n@ateliers_alfonso_femia\nMilan, Italy\n\n\ud83d\udfe7 La storica sede milanese della Societ\u00e0 Generale Elettrica dell\u2019Adamello, risalente al 1928, \u00e8 stata oggetto di una riqualificazione firmata Atelier(s) Alfonso Femia, che ha saputo valorizzare l\u2019identit\u00e0 architettonica originaria reinterpretandola in chiave contemporanea attraverso interventi misurati, efficientamento energetico, flessibilit\u00e0 spaziale e integrazione tra tecnologia, luce naturale e verde.\n\n\ud83d\udfe7 Atelier(s) Alfonso Femia has redeveloped the 1928 former headquarters of Milan\u2019s Societ\u00e0 Generale Elettrica dell\u2019Adamello by enhancing its historical identity through discreet contemporary interventions that balance technological innovation, spatial flexibility, and architectural preservation.\n\n\ud83d\udcf7 Anzini\n\n#FalegnameriaAresi #AresiWoodTechnologies #Wood #Design #ModernArchitecture #Architecture #Windows #ArchitecturalDesign #SustainableLiving' target=\"_blank\" rel=\"noreferrer\" class='fts-child-media fts-child-media-hide fts-instagram-link-target fts-slicker-backg\n                                                                     fts-instagram-img-link'><\/a>\n                                                                <a href='' title='Banca Ersel\n@ateliers_alfonso_femia\nMilan, Italy\n\n\ud83d\udfe7 La storica sede milanese della Societ\u00e0 Generale Elettrica dell\u2019Adamello, risalente al 1928, \u00e8 stata oggetto di una riqualificazione firmata Atelier(s) Alfonso Femia, che ha saputo valorizzare l\u2019identit\u00e0 architettonica originaria reinterpretandola in chiave contemporanea attraverso interventi misurati, efficientamento energetico, flessibilit\u00e0 spaziale e integrazione tra tecnologia, luce naturale e verde.\n\n\ud83d\udfe7 Atelier(s) Alfonso Femia has redeveloped the 1928 former headquarters of Milan\u2019s Societ\u00e0 Generale Elettrica dell\u2019Adamello by enhancing its historical identity through discreet contemporary interventions that balance technological innovation, spatial flexibility, and architectural preservation.\n\n\ud83d\udcf7 Anzini\n\n#FalegnameriaAresi #AresiWoodTechnologies #Wood #Design #ModernArchitecture #Architecture #Windows #ArchitecturalDesign #SustainableLiving' target=\"_blank\" rel=\"noreferrer\" class='fts-child-media fts-child-media-hide fts-instagram-link-target fts-slicker-backg\n                                                                     fts-instagram-img-link'><\/a>\n                                                                <a href='' title='Banca Ersel\n@ateliers_alfonso_femia\nMilan, Italy\n\n\ud83d\udfe7 La storica sede milanese della Societ\u00e0 Generale Elettrica dell\u2019Adamello, risalente al 1928, \u00e8 stata oggetto di una riqualificazione firmata Atelier(s) Alfonso Femia, che ha saputo valorizzare l\u2019identit\u00e0 architettonica originaria reinterpretandola in chiave contemporanea attraverso interventi misurati, efficientamento energetico, flessibilit\u00e0 spaziale e integrazione tra tecnologia, luce naturale e verde.\n\n\ud83d\udfe7 Atelier(s) Alfonso Femia has redeveloped the 1928 former headquarters of Milan\u2019s Societ\u00e0 Generale Elettrica dell\u2019Adamello by enhancing its historical identity through discreet contemporary interventions that balance technological innovation, spatial flexibility, and architectural preservation.\n\n\ud83d\udcf7 Anzini\n\n#FalegnameriaAresi #AresiWoodTechnologies #Wood #Design #ModernArchitecture #Architecture #Windows #ArchitecturalDesign #SustainableLiving' target=\"_blank\" rel=\"noreferrer\" class='fts-child-media fts-child-media-hide fts-instagram-link-target fts-slicker-backg\n                                                                     fts-instagram-img-link'><\/a>\n                                                                <a href='' title='Banca Ersel\n@ateliers_alfonso_femia\nMilan, Italy\n\n\ud83d\udfe7 La storica sede milanese della Societ\u00e0 Generale Elettrica dell\u2019Adamello, risalente al 1928, \u00e8 stata oggetto di una riqualificazione firmata Atelier(s) Alfonso Femia, che ha saputo valorizzare l\u2019identit\u00e0 architettonica originaria reinterpretandola in chiave contemporanea attraverso interventi misurati, efficientamento energetico, flessibilit\u00e0 spaziale e integrazione tra tecnologia, luce naturale e verde.\n\n\ud83d\udfe7 Atelier(s) Alfonso Femia has redeveloped the 1928 former headquarters of Milan\u2019s Societ\u00e0 Generale Elettrica dell\u2019Adamello by enhancing its historical identity through discreet contemporary interventions that balance technological innovation, spatial flexibility, and architectural preservation.\n\n\ud83d\udcf7 Anzini\n\n#FalegnameriaAresi #AresiWoodTechnologies #Wood #Design #ModernArchitecture #Architecture #Windows #ArchitecturalDesign #SustainableLiving' target=\"_blank\" rel=\"noreferrer\" class='fts-child-media fts-child-media-hide fts-instagram-link-target fts-slicker-backg\n                                                                     fts-instagram-img-link'><\/a>\n                                                                <a href='' title='Banca Ersel\n@ateliers_alfonso_femia\nMilan, Italy\n\n\ud83d\udfe7 La storica sede milanese della Societ\u00e0 Generale Elettrica dell\u2019Adamello, risalente al 1928, \u00e8 stata oggetto di una riqualificazione firmata Atelier(s) Alfonso Femia, che ha saputo valorizzare l\u2019identit\u00e0 architettonica originaria reinterpretandola in chiave contemporanea attraverso interventi misurati, efficientamento energetico, flessibilit\u00e0 spaziale e integrazione tra tecnologia, luce naturale e verde.\n\n\ud83d\udfe7 Atelier(s) Alfonso Femia has redeveloped the 1928 former headquarters of Milan\u2019s Societ\u00e0 Generale Elettrica dell\u2019Adamello by enhancing its historical identity through discreet contemporary interventions that balance technological innovation, spatial flexibility, and architectural preservation.\n\n\ud83d\udcf7 Anzini\n\n#FalegnameriaAresi #AresiWoodTechnologies #Wood #Design #ModernArchitecture #Architecture #Windows #ArchitecturalDesign #SustainableLiving' target=\"_blank\" rel=\"noreferrer\" class='fts-child-media fts-child-media-hide fts-instagram-link-target fts-slicker-backg\n                                                                     fts-instagram-img-link'><\/a>\n                                \n                        <div class='slicker-date'>\n\n                            <div class=\"fts-insta-date-popup-grab\">\n                            9 months ago                            <\/div>\n                        <\/div>\n                    <div class='slicker-instaG-backg-link'>\n\n                        <div class='slicker-instaG-photoshadow'><\/div>\n                    <\/div>\n                        <div class=\"fts-insta-likes-comments-grab-popup\">\n\n                            <div class=\"fts-share-wrap\"><a href=\"javascript:;\" class=\"ft-gallery-link-popup\" title=\"Social Share Options\"><\/a><div class=\"ft-gallery-share-wrap\"><a href=\"https:\/\/www.facebook.com\/sharer\/sharer.php?u=https:\/\/www.instagram.com\/p\/DMZ-xbQIcYC\/\" target=\"_blank\" rel=\"noreferrer\" class=\"ft-galleryfacebook-icon\" title=\"Share this post on Facebook\"><i class=\"fa fa-facebook-square\"><\/i><\/a><a href=\"https:\/\/twitter.com\/intent\/tweet?text=https:\/\/www.instagram.com\/p\/DMZ-xbQIcYC\/+Banca Ersel\n@ateliers_alfonso_femia\nMilan, Italy\n\n\ud83d\udfe7 La storica sede milanese della Societ\u00e0 Generale Elettrica dell\u2019Adamello, risalente al 1928, \u00e8 stata oggetto di una riqualificazione firmata Atelier(s) Alfonso Femia, che ha saputo valorizzare l\u2019identit\u00e0 architettonica originaria reinterpretandola in chiave contemporanea attraverso interventi misurati, efficientamento energetico, flessibilit\u00e0 spaziale e integrazione tra tecnologia, luce naturale e verde.\n\n\ud83d\udfe7 Atelier(s) Alfonso Femia has redeveloped the 1928 former headquarters of Milan\u2019s Societ\u00e0 Generale Elettrica dell\u2019Adamello by enhancing its historical identity through discreet contemporary interventions that balance technological innovation, spatial flexibility, and architectural preservation.\n\n\ud83d\udcf7 Anzini\n\n#FalegnameriaAresi #AresiWoodTechnologies #Wood #Design #ModernArchitecture #Architecture #Windows #ArchitecturalDesign #SustainableLiving\" target=\"_blank\" rel=\"noreferrer\" class=\"ft-gallerytwitter-icon\" title=\"Share this post on Twitter\"><i class=\"fa fa-twitter\"><\/i><\/a><a href=\"https:\/\/www.linkedin.com\/shareArticle?mini=true&amp;url=https:\/\/www.instagram.com\/p\/DMZ-xbQIcYC\/\" target=\"_blank\" rel=\"noreferrer\" class=\"ft-gallerylinkedin-icon\" title=\"Share this post on Linkedin\"><i class=\"fa fa-linkedin\"><\/i><\/a><a href=\"mailto:?subject=Shared Link&amp;body=https:\/\/www.instagram.com\/p\/DMZ-xbQIcYC\/ - Banca Ersel\n@ateliers_alfonso_femia\nMilan, Italy\n\n\ud83d\udfe7 La storica sede milanese della Societ\u00e0 Generale Elettrica dell\u2019Adamello, risalente al 1928, \u00e8 stata oggetto di una riqualificazione firmata Atelier(s) Alfonso Femia, che ha saputo valorizzare l\u2019identit\u00e0 architettonica originaria reinterpretandola in chiave contemporanea attraverso interventi misurati, efficientamento energetico, flessibilit\u00e0 spaziale e integrazione tra tecnologia, luce naturale e verde.\n\n\ud83d\udfe7 Atelier(s) Alfonso Femia has redeveloped the 1928 former headquarters of Milan\u2019s Societ\u00e0 Generale Elettrica dell\u2019Adamello by enhancing its historical identity through discreet contemporary interventions that balance technological innovation, spatial flexibility, and architectural preservation.\n\n\ud83d\udcf7 Anzini\n\n#FalegnameriaAresi #AresiWoodTechnologies #Wood #Design #ModernArchitecture #Architecture #Windows #ArchitecturalDesign #SustainableLiving\" target=\"_blank\" rel=\"noreferrer\" class=\"ft-galleryemail-icon\" title=\"Share this post in your email\"><i class=\"fa fa-envelope\"><\/i><\/a><\/div><\/div>                        <\/div>\n                <\/div>\n                    <\/div>                                        <script>\n                    \/\/ This needs to load here below the feed to load properly for\n                    \/\/ Elementor page preview, and also some types of tabs that use js to load.\n                    document.addEventListener(\"DOMContentLoaded\", function(event) {\n                        if (typeof slickremixImageResizing === 'function') {\n                            slickremixImageResizing();\n                        }\n                        if (typeof ftsShare === 'function') {\n                            ftsShare();\n                        }\n                    });\n                <\/script>\n                \t\t\t\t<\/div>\n\t\t\t\t<\/div>\n\t\t\t\t\t<\/div>\n\t\t\t\t<\/div>\n\t\t<div class=\"elementor-element elementor-element-f4aeec2 e-flex e-con-boxed e-con e-parent\" data-id=\"f4aeec2\" data-element_type=\"container\" data-e-type=\"container\">\n\t\t\t\t\t<div class=\"e-con-inner\">\n\t\t\t\t<div class=\"elementor-element elementor-element-5f17321 elementor-widget__width-initial elementor-widget-tablet__width-inherit elementor-invisible elementor-widget elementor-widget-litho-heading\" data-id=\"5f17321\" data-element_type=\"widget\" data-e-type=\"widget\" data-settings=\"{&quot;_animation&quot;:&quot;fadeInUp&quot;,&quot;_animation_delay&quot;:200}\" data-widget_type=\"litho-heading.default\">\n\t\t\t\t<div class=\"elementor-widget-container\">\n\t\t\t\t\t<h6 class=\"litho-heading elementor-size-default\"><span class=\"litho-primary-title\">Do you have questions or want to cooperate with us?<\/span><span class=\"litho-secondary-title\"> <br>Contact us now and we will be happy to help you!<\/span><\/h6>\t\t\t\t<\/div>\n\t\t\t\t<\/div>\n\t\t\t\t<div class=\"elementor-element elementor-element-31c4d53 elementor-widget__width-initial elementor-widget elementor-widget-litho-contact-form\" data-id=\"31c4d53\" data-element_type=\"widget\" data-e-type=\"widget\" data-widget_type=\"litho-contact-form.default\">\n\t\t\t\t<div class=\"elementor-widget-container\">\n\t\t\t\t\t\t\t\t<div class=\"contact-form-wrapper\">\n\t\t\t\t\n<div class=\"wpcf7 no-js\" id=\"wpcf7-f81121-o1\" lang=\"en-US\" dir=\"ltr\" data-wpcf7-id=\"81121\">\n<div class=\"screen-reader-response\"><p role=\"status\" aria-live=\"polite\" aria-atomic=\"true\"><\/p> <ul><\/ul><\/div>\n<form action=\"\/en\/wp-json\/wp\/v2\/pages\/81617#wpcf7-f81121-o1\" method=\"post\" class=\"wpcf7-form init\" aria-label=\"Contact form\" novalidate=\"novalidate\" data-status=\"init\">\n<fieldset class=\"hidden-fields-container\"><input type=\"hidden\" name=\"_wpcf7\" value=\"81121\" \/><input type=\"hidden\" name=\"_wpcf7_version\" value=\"6.1.5\" \/><input type=\"hidden\" name=\"_wpcf7_locale\" value=\"en_US\" \/><input type=\"hidden\" name=\"_wpcf7_unit_tag\" value=\"wpcf7-f81121-o1\" \/><input type=\"hidden\" name=\"_wpcf7_container_post\" value=\"0\" \/><input type=\"hidden\" name=\"_wpcf7_posted_data_hash\" value=\"\" \/><input type=\"hidden\" name=\"_wpcf7_recaptcha_response\" value=\"\" \/>\n<\/fieldset>\n<div class=\"d-flex flex-row flex-wrap gap-15\">\n\t<div class=\"w-45 flex-grow-1\">\n\t\t<p><span class=\"wpcf7-form-control-wrap\" data-name=\"nome\"><input size=\"40\" maxlength=\"400\" class=\"wpcf7-form-control wpcf7-text wpcf7-validates-as-required\" aria-required=\"true\" aria-invalid=\"false\" placeholder=\"Name*\" value=\"\" type=\"text\" name=\"nome\" \/><\/span>\n\t\t<\/p>\n\t<\/div>\n\t<div class=\"w-45 flex-grow-1\">\n\t\t<p><span class=\"wpcf7-form-control-wrap\" data-name=\"surname\"><input size=\"40\" maxlength=\"400\" class=\"wpcf7-form-control wpcf7-text wpcf7-validates-as-required\" aria-required=\"true\" aria-invalid=\"false\" placeholder=\"Last name*\" value=\"\" type=\"text\" name=\"surname\" \/><\/span>\n\t\t<\/p>\n\t<\/div>\n\t<div class=\"w-100 flex-grow-1\">\n\t\t<p><span class=\"wpcf7-form-control-wrap\" data-name=\"email\"><input size=\"40\" maxlength=\"400\" class=\"wpcf7-form-control wpcf7-email wpcf7-validates-as-required wpcf7-text wpcf7-validates-as-email\" aria-required=\"true\" aria-invalid=\"false\" placeholder=\"E-Mail*\" value=\"\" type=\"email\" name=\"email\" \/><\/span>\n\t\t<\/p>\n\t<\/div>\n\t<div class=\"w-100 flex-grow-1\">\n\t\t<p><span class=\"wpcf7-form-control-wrap\" data-name=\"message\"><textarea cols=\"40\" rows=\"10\" maxlength=\"2000\" class=\"wpcf7-form-control wpcf7-textarea\" aria-invalid=\"false\" placeholder=\"Information\" name=\"message\"><\/textarea><\/span>\n\t\t<\/p>\n\t<\/div>\n<\/div>\n<div class=\"litho-button-wrapper contact-modern\">\n\t<p><input class=\"wpcf7-form-control wpcf7-submit has-spinner elementor-button elementor-size-md\" type=\"submit\" value=\"Send\" \/>\n\t<\/p>\n<\/div><div class=\"wpcf7-response-output\" aria-hidden=\"true\"><\/div>\n<\/form>\n<\/div>\n\t\t\t<\/div>\n\t\t\t\t\t\t\t<\/div>\n\t\t\t\t<\/div>\n\t\t\t\t\t<\/div>\n\t\t\t\t<\/div>\n\t\t<div class=\"elementor-element elementor-element-0a3870c e-flex e-con-boxed e-con e-parent\" data-id=\"0a3870c\" data-element_type=\"container\" data-e-type=\"container\">\n\t\t\t\t\t<div class=\"e-con-inner\">\n\t\t\t\t\t<\/div>\n\t\t\t\t<\/div>\n\t\t\t\t<\/div>\n\t\t","protected":false},"excerpt":{"rendered":"<p>4 days ago 6 days ago 4 years ago 4 years ago 6 years ago 6 years ago Do you have questions or want to cooperate with us? Contact us now and we will be happy to help you!<\/p>\n","protected":false},"author":1,"featured_media":81621,"parent":0,"menu_order":0,"comment_status":"closed","ping_status":"closed","template":"","meta":{"_acf_changed":false,"footnotes":""},"class_list":["post-81617","page","type-page","status-publish","has-post-thumbnail","hentry"],"acf":[],"yoast_head":"<!-- This site is optimized with the Yoast SEO plugin v27.3 - https:\/\/yoast.com\/product\/yoast-seo-wordpress\/ -->\n<title>Social Wall - Falegnameria Aresi<\/title>\n<meta name=\"robots\" content=\"index, follow, max-snippet:-1, max-image-preview:large, max-video-preview:-1\" \/>\n<link rel=\"canonical\" href=\"https:\/\/www.falegnameriaaresi.com\/en\/social-wall\/\" \/>\n<meta property=\"og:locale\" content=\"en_US\" \/>\n<meta property=\"og:type\" content=\"article\" \/>\n<meta property=\"og:title\" content=\"Social Wall - Falegnameria Aresi\" \/>\n<meta property=\"og:description\" content=\"4 days ago 6 days ago 4 years ago 4 years ago 6 years ago 6 years ago Do you have questions or want to cooperate with us? Contact us now and we will be happy to help you!\" \/>\n<meta property=\"og:url\" content=\"https:\/\/www.falegnameriaaresi.com\/en\/social-wall\/\" \/>\n<meta property=\"og:site_name\" content=\"Falegnameria Aresi\" \/>\n<meta property=\"article:modified_time\" content=\"2025-01-20T16:22:19+00:00\" \/>\n<meta property=\"og:image\" content=\"https:\/\/www.falegnameriaaresi.com\/wp-content\/uploads\/2025\/01\/header-social_wall.png\" \/>\n\t<meta property=\"og:image:width\" content=\"1920\" \/>\n\t<meta property=\"og:image:height\" content=\"1100\" \/>\n\t<meta property=\"og:image:type\" content=\"image\/png\" \/>\n<meta name=\"twitter:card\" content=\"summary_large_image\" \/>\n<meta name=\"twitter:label1\" content=\"Est. reading time\" \/>\n\t<meta name=\"twitter:data1\" content=\"1 minute\" \/>\n<script type=\"application\/ld+json\" class=\"yoast-schema-graph\">{\"@context\":\"https:\\\/\\\/schema.org\",\"@graph\":[{\"@type\":\"WebPage\",\"@id\":\"https:\\\/\\\/www.falegnameriaaresi.com\\\/en\\\/social-wall\\\/\",\"url\":\"https:\\\/\\\/www.falegnameriaaresi.com\\\/en\\\/social-wall\\\/\",\"name\":\"Social Wall - Falegnameria Aresi\",\"isPartOf\":{\"@id\":\"https:\\\/\\\/www.falegnameriaaresi.com\\\/en\\\/#website\"},\"primaryImageOfPage\":{\"@id\":\"https:\\\/\\\/www.falegnameriaaresi.com\\\/en\\\/social-wall\\\/#primaryimage\"},\"image\":{\"@id\":\"https:\\\/\\\/www.falegnameriaaresi.com\\\/en\\\/social-wall\\\/#primaryimage\"},\"thumbnailUrl\":\"https:\\\/\\\/www.falegnameriaaresi.com\\\/wp-content\\\/uploads\\\/2025\\\/01\\\/header-social_wall.png\",\"datePublished\":\"2025-01-08T13:23:23+00:00\",\"dateModified\":\"2025-01-20T16:22:19+00:00\",\"breadcrumb\":{\"@id\":\"https:\\\/\\\/www.falegnameriaaresi.com\\\/en\\\/social-wall\\\/#breadcrumb\"},\"inLanguage\":\"en-US\",\"potentialAction\":[{\"@type\":\"ReadAction\",\"target\":[\"https:\\\/\\\/www.falegnameriaaresi.com\\\/en\\\/social-wall\\\/\"]}]},{\"@type\":\"ImageObject\",\"inLanguage\":\"en-US\",\"@id\":\"https:\\\/\\\/www.falegnameriaaresi.com\\\/en\\\/social-wall\\\/#primaryimage\",\"url\":\"https:\\\/\\\/www.falegnameriaaresi.com\\\/wp-content\\\/uploads\\\/2025\\\/01\\\/header-social_wall.png\",\"contentUrl\":\"https:\\\/\\\/www.falegnameriaaresi.com\\\/wp-content\\\/uploads\\\/2025\\\/01\\\/header-social_wall.png\",\"width\":1920,\"height\":1100},{\"@type\":\"BreadcrumbList\",\"@id\":\"https:\\\/\\\/www.falegnameriaaresi.com\\\/en\\\/social-wall\\\/#breadcrumb\",\"itemListElement\":[{\"@type\":\"ListItem\",\"position\":1,\"name\":\"Home\",\"item\":\"https:\\\/\\\/www.falegnameriaaresi.com\\\/en\\\/\"},{\"@type\":\"ListItem\",\"position\":2,\"name\":\"Social Wall\"}]},{\"@type\":\"WebSite\",\"@id\":\"https:\\\/\\\/www.falegnameriaaresi.com\\\/en\\\/#website\",\"url\":\"https:\\\/\\\/www.falegnameriaaresi.com\\\/en\\\/\",\"name\":\"Falegnameria Aresi\",\"description\":\"Wooden, wood-aluminium and wood-bronze windows and doors\",\"potentialAction\":[{\"@type\":\"SearchAction\",\"target\":{\"@type\":\"EntryPoint\",\"urlTemplate\":\"https:\\\/\\\/www.falegnameriaaresi.com\\\/en\\\/?s={search_term_string}\"},\"query-input\":{\"@type\":\"PropertyValueSpecification\",\"valueRequired\":true,\"valueName\":\"search_term_string\"}}],\"inLanguage\":\"en-US\"}]}<\/script>\n<!-- \/ Yoast SEO plugin. -->","yoast_head_json":{"title":"Social Wall - Falegnameria Aresi","robots":{"index":"index","follow":"follow","max-snippet":"max-snippet:-1","max-image-preview":"max-image-preview:large","max-video-preview":"max-video-preview:-1"},"canonical":"https:\/\/www.falegnameriaaresi.com\/en\/social-wall\/","og_locale":"en_US","og_type":"article","og_title":"Social Wall - Falegnameria Aresi","og_description":"4 days ago 6 days ago 4 years ago 4 years ago 6 years ago 6 years ago Do you have questions or want to cooperate with us? Contact us now and we will be happy to help you!","og_url":"https:\/\/www.falegnameriaaresi.com\/en\/social-wall\/","og_site_name":"Falegnameria Aresi","article_modified_time":"2025-01-20T16:22:19+00:00","og_image":[{"width":1920,"height":1100,"url":"https:\/\/www.falegnameriaaresi.com\/wp-content\/uploads\/2025\/01\/header-social_wall.png","type":"image\/png"}],"twitter_card":"summary_large_image","twitter_misc":{"Est. reading time":"1 minute"},"schema":{"@context":"https:\/\/schema.org","@graph":[{"@type":"WebPage","@id":"https:\/\/www.falegnameriaaresi.com\/en\/social-wall\/","url":"https:\/\/www.falegnameriaaresi.com\/en\/social-wall\/","name":"Social Wall - Falegnameria Aresi","isPartOf":{"@id":"https:\/\/www.falegnameriaaresi.com\/en\/#website"},"primaryImageOfPage":{"@id":"https:\/\/www.falegnameriaaresi.com\/en\/social-wall\/#primaryimage"},"image":{"@id":"https:\/\/www.falegnameriaaresi.com\/en\/social-wall\/#primaryimage"},"thumbnailUrl":"https:\/\/www.falegnameriaaresi.com\/wp-content\/uploads\/2025\/01\/header-social_wall.png","datePublished":"2025-01-08T13:23:23+00:00","dateModified":"2025-01-20T16:22:19+00:00","breadcrumb":{"@id":"https:\/\/www.falegnameriaaresi.com\/en\/social-wall\/#breadcrumb"},"inLanguage":"en-US","potentialAction":[{"@type":"ReadAction","target":["https:\/\/www.falegnameriaaresi.com\/en\/social-wall\/"]}]},{"@type":"ImageObject","inLanguage":"en-US","@id":"https:\/\/www.falegnameriaaresi.com\/en\/social-wall\/#primaryimage","url":"https:\/\/www.falegnameriaaresi.com\/wp-content\/uploads\/2025\/01\/header-social_wall.png","contentUrl":"https:\/\/www.falegnameriaaresi.com\/wp-content\/uploads\/2025\/01\/header-social_wall.png","width":1920,"height":1100},{"@type":"BreadcrumbList","@id":"https:\/\/www.falegnameriaaresi.com\/en\/social-wall\/#breadcrumb","itemListElement":[{"@type":"ListItem","position":1,"name":"Home","item":"https:\/\/www.falegnameriaaresi.com\/en\/"},{"@type":"ListItem","position":2,"name":"Social Wall"}]},{"@type":"WebSite","@id":"https:\/\/www.falegnameriaaresi.com\/en\/#website","url":"https:\/\/www.falegnameriaaresi.com\/en\/","name":"Falegnameria Aresi","description":"Wooden, wood-aluminium and wood-bronze windows and doors","potentialAction":[{"@type":"SearchAction","target":{"@type":"EntryPoint","urlTemplate":"https:\/\/www.falegnameriaaresi.com\/en\/?s={search_term_string}"},"query-input":{"@type":"PropertyValueSpecification","valueRequired":true,"valueName":"search_term_string"}}],"inLanguage":"en-US"}]}},"_links":{"self":[{"href":"https:\/\/www.falegnameriaaresi.com\/en\/wp-json\/wp\/v2\/pages\/81617","targetHints":{"allow":["GET"]}}],"collection":[{"href":"https:\/\/www.falegnameriaaresi.com\/en\/wp-json\/wp\/v2\/pages"}],"about":[{"href":"https:\/\/www.falegnameriaaresi.com\/en\/wp-json\/wp\/v2\/types\/page"}],"author":[{"embeddable":true,"href":"https:\/\/www.falegnameriaaresi.com\/en\/wp-json\/wp\/v2\/users\/1"}],"replies":[{"embeddable":true,"href":"https:\/\/www.falegnameriaaresi.com\/en\/wp-json\/wp\/v2\/comments?post=81617"}],"version-history":[{"count":1,"href":"https:\/\/www.falegnameriaaresi.com\/en\/wp-json\/wp\/v2\/pages\/81617\/revisions"}],"predecessor-version":[{"id":81618,"href":"https:\/\/www.falegnameriaaresi.com\/en\/wp-json\/wp\/v2\/pages\/81617\/revisions\/81618"}],"wp:featuredmedia":[{"embeddable":true,"href":"https:\/\/www.falegnameriaaresi.com\/en\/wp-json\/wp\/v2\/media\/81621"}],"wp:attachment":[{"href":"https:\/\/www.falegnameriaaresi.com\/en\/wp-json\/wp\/v2\/media?parent=81617"}],"curies":[{"name":"wp","href":"https:\/\/api.w.org\/{rel}","templated":true}]}}